{"id":217,"date":"2016-11-14T09:55:15","date_gmt":"2016-11-14T09:55:15","guid":{"rendered":"http:\/\/www.gewerbe-boltigen.ch\/html\/?page_id=217"},"modified":"2025-04-05T09:12:21","modified_gmt":"2025-04-05T09:12:21","slug":"mitglieder","status":"publish","type":"page","link":"http:\/\/www.gewerbe-boltigen.ch\/html\/gewerbeverein\/mitglieder\/","title":{"rendered":"Mitglieder"},"content":{"rendered":"<div id=\"pl-217\"  class=\"panel-layout\" ><div id=\"pg-217-0\"  class=\"panel-grid panel-has-style\" ><div class=\"panel-row-style panel-row-style-for-217-0\" ><div id=\"pgc-217-0-0\"  class=\"panel-grid-cell\" ><div id=\"panel-217-0-0-0\" class=\"so-panel widget widget_text panel-first-child panel-last-child\" data-index=\"0\" ><div class=\"panel-widget-style panel-widget-style-for-217-0-0-0\" >\t\t\t<div class=\"textwidget\"><div class=\"listings wpbdp-listings-list list\">\n<div id=\"wpbdp-listing-345\"\n     class=\"wpbdp-listing wpbdp-excerpt excerpt wpbdp-listing-excerpt wpbdp-listing-345 normal  even\" data-breakpoints='{\"medium\": [560,780], \"large\": [780,999999]}' data-breakpoints-class-prefix=\"wpbdp-listing-excerpt\"><\/p>\n<div class=\"listing-title\">\n    <a href=\"http:\/\/www.gewerbe-boltigen.ch\/html\/branchenverzeichnis\/345\/a-gruenenwald\" target=\"_self\" >Adrian Gr\u00fcnenwald AG<\/a><\/div>\n<div class=\"excerpt-content\">\n<div class=\"listing-thumbnail\"><a href=\"https:\/\/www.gewerbe-boltigen.ch\/html\/branchenverzeichnis\/345\/a-gruenenwald\/\" target=\"_self\" class=\"\" title=\"\" ><img width=\"150\" height=\"94\" src=\"https:\/\/www.gewerbe-boltigen.ch\/html\/wp-content\/uploads\/adrian-gruenenwald-ag-logo-150x94.jpg\" class=\"attachment-wpbdp-thumb wpbdmthumbs wpbdp-excerpt-thumbnail wpbdp-thumbnail\" alt=\"Adrian Gr\u00fcnenwald AG\" title=\"Adrian Gr\u00fcnenwald AG\" decoding=\"async\" loading=\"lazy\" srcset=\"https:\/\/www.gewerbe-boltigen.ch\/html\/wp-content\/uploads\/adrian-gruenenwald-ag-logo-150x94.jpg 150w, https:\/\/www.gewerbe-boltigen.ch\/html\/wp-content\/uploads\/adrian-gruenenwald-ag-logo-300x188.jpg 300w, https:\/\/www.gewerbe-boltigen.ch\/html\/wp-content\/uploads\/adrian-gruenenwald-ag-logo-768x480.jpg 768w, https:\/\/www.gewerbe-boltigen.ch\/html\/wp-content\/uploads\/adrian-gruenenwald-ag-logo-676x423.jpg 676w, https:\/\/www.gewerbe-boltigen.ch\/html\/wp-content\/uploads\/adrian-gruenenwald-ag-logo-500x313.jpg 500w, https:\/\/www.gewerbe-boltigen.ch\/html\/wp-content\/uploads\/adrian-gruenenwald-ag-logo.jpg 992w\" sizes=\"auto, (max-width: 150px) 100vw, 150px\" \/><\/a><\/div>\n<div class=\"listing-details\">\n<div class=\"wpbdp-field-display wpbdp-field wpbdp-field-value field-display field-value wpbdp-field-web wpbdp-field-meta wpbdp-field-type-url wpbdp-field-association-meta  \" ><label>Web:<\/label> <span class=\"value\"><a href=\"https:\/\/www.adrian-gruenenwald.ch\/\" rel=\"noopener noreferrer\" target=\"_blank\" title=\"www.adrian-gruenenwald.ch\">www.adrian-gruenenwald.ch<\/a><\/span><\/div>\n<div class=\"wpbdp-field-display wpbdp-field wpbdp-field-value field-display field-value wpbdp-field-telefon wpbdp-field-meta wpbdp-field-type-textfield wpbdp-field-association-meta  \" ><label>Telefon:<\/label> <span class=\"value\">033 773 61 59<\/span><\/div>\n<div class=\"wpbdp-field-display wpbdp-field wpbdp-field-value field-display field-value wpbdp-field-branche wpbdp-field-category wpbdp-field-type-select wpbdp-field-association-category  \" ><label>Branche:<\/label> <span class=\"value\"><a href=\"https:\/\/www.gewerbe-boltigen.ch\/html\/kunst-handwerk\/accessoires\/\" rel=\"tag\">Accessoires<\/a>, <a href=\"https:\/\/www.gewerbe-boltigen.ch\/html\/bau\/innenausbau\/boeden\/\" rel=\"tag\">B\u00f6den<\/a>, <a href=\"https:\/\/www.gewerbe-boltigen.ch\/html\/detailhandel\/textilpapeterie\/\" rel=\"tag\">Textil\/Papeterie<\/a><\/span><\/div>\n<\/p><\/div>\n<\/div>\n<div class=\"listing-actions cf\">\n<a class=\"wpbdp-button button view-listing\" style=\"padding: 5px 10px; font-size: 11px; text-decoration: underline; background-color: #e6e6e6; color: #7c7c7c; border: 1px solid #d2d2d2; border-radius: 3px; box-shadow: 0 1px 2px rgba(64,64,64,0.1); margin-right: 3px;\" href=\"http:\/\/www.gewerbe-boltigen.ch\/html\/branchenverzeichnis\/345\/a-gruenenwald\" >Anschauen<\/a><\/div>\n<\/div>\n<\/div>\n<\/div>\n\t\t<\/div><\/div><\/div><\/div><\/div><div id=\"pg-217-1\"  class=\"panel-grid panel-has-style\" ><div class=\"panel-row-style panel-row-style-for-217-1\" ><div id=\"pgc-217-1-0\"  class=\"panel-grid-cell\" ><div id=\"panel-217-1-0-0\" class=\"so-panel widget widget_text panel-first-child panel-last-child\" data-index=\"1\" ><div class=\"panel-widget-style panel-widget-style-for-217-1-0-0\" >\t\t\t<div class=\"textwidget\"><div class=\"listings wpbdp-listings-list list\">\n<div id=\"wpbdp-listing-314\"\n     class=\"wpbdp-listing wpbdp-excerpt excerpt wpbdp-listing-excerpt wpbdp-listing-314 normal  even\" data-breakpoints='{\"medium\": [560,780], \"large\": [780,999999]}' data-breakpoints-class-prefix=\"wpbdp-listing-excerpt\"><\/p>\n<div class=\"listing-title\">\n    <a href=\"http:\/\/www.gewerbe-boltigen.ch\/html\/branchenverzeichnis\/314\/aegerter-kuechen-ag\" target=\"_self\" >Aegerter K\u00fcchen AG<\/a><\/div>\n<div class=\"excerpt-content\">\n<div class=\"listing-thumbnail\"><a href=\"https:\/\/www.gewerbe-boltigen.ch\/html\/branchenverzeichnis\/314\/aegerter-kuechen-ag\/\" target=\"_self\" class=\"\" title=\"\" ><img width=\"150\" height=\"76\" src=\"https:\/\/www.gewerbe-boltigen.ch\/html\/wp-content\/uploads\/Aegerter_Kuechen_Logo-150x76.jpg\" class=\"attachment-wpbdp-thumb wpbdmthumbs wpbdp-excerpt-thumbnail wpbdp-thumbnail\" alt=\"Aegerter K\u00fcchen AG\" title=\"Aegerter K\u00fcchen AG\" decoding=\"async\" loading=\"lazy\" srcset=\"https:\/\/www.gewerbe-boltigen.ch\/html\/wp-content\/uploads\/Aegerter_Kuechen_Logo-150x76.jpg 150w, https:\/\/www.gewerbe-boltigen.ch\/html\/wp-content\/uploads\/Aegerter_Kuechen_Logo-300x153.jpg 300w, https:\/\/www.gewerbe-boltigen.ch\/html\/wp-content\/uploads\/Aegerter_Kuechen_Logo.jpg 350w\" sizes=\"auto, (max-width: 150px) 100vw, 150px\" \/><\/a><\/div>\n<div class=\"listing-details\">\n<div class=\"wpbdp-field-display wpbdp-field wpbdp-field-value field-display field-value wpbdp-field-web wpbdp-field-meta wpbdp-field-type-url wpbdp-field-association-meta  \" ><label>Web:<\/label> <span class=\"value\"><a href=\"http:\/\/www.aegerter-kuechen.ch\" rel=\"\" target=\"_blank\" title=\"www.aegerter-kuechen.ch\">www.aegerter-kuechen.ch<\/a><\/span><\/div>\n<div class=\"wpbdp-field-display wpbdp-field wpbdp-field-value field-display field-value wpbdp-field-telefon wpbdp-field-meta wpbdp-field-type-textfield wpbdp-field-association-meta  \" ><label>Telefon:<\/label> <span class=\"value\">033 773 65 25<\/span><\/div>\n<div class=\"wpbdp-field-display wpbdp-field wpbdp-field-value field-display field-value wpbdp-field-branche wpbdp-field-category wpbdp-field-type-select wpbdp-field-association-category  \" ><label>Branche:<\/label> <span class=\"value\"><a href=\"https:\/\/www.gewerbe-boltigen.ch\/html\/bau\/innenausbau\/boeden\/\" rel=\"tag\">B\u00f6den<\/a>, <a href=\"https:\/\/www.gewerbe-boltigen.ch\/html\/bau\/rohbau\/fenstertueren\/\" rel=\"tag\">Fenster\/T\u00fcren<\/a>, <a href=\"https:\/\/www.gewerbe-boltigen.ch\/html\/bau\/innenausbau\/kueche\/\" rel=\"tag\">K\u00fcche<\/a>, <a href=\"https:\/\/www.gewerbe-boltigen.ch\/html\/bau\/innenausbau\/moebel\/\" rel=\"tag\">M\u00f6bel<\/a>, <a href=\"https:\/\/www.gewerbe-boltigen.ch\/html\/bau\/innenausbau\/schreinerei\/\" rel=\"tag\">Schreinerei<\/a><\/span><\/div>\n<\/p><\/div>\n<\/div>\n<div class=\"listing-actions cf\">\n<a class=\"wpbdp-button button view-listing\" style=\"padding: 5px 10px; font-size: 11px; text-decoration: underline; background-color: #e6e6e6; color: #7c7c7c; border: 1px solid #d2d2d2; border-radius: 3px; box-shadow: 0 1px 2px rgba(64,64,64,0.1); margin-right: 3px;\" href=\"http:\/\/www.gewerbe-boltigen.ch\/html\/branchenverzeichnis\/314\/aegerter-kuechen-ag\" >Anschauen<\/a><\/div>\n<\/div>\n<\/div>\n<\/div>\n\t\t<\/div><\/div><\/div><\/div><\/div><div id=\"pg-217-2\"  class=\"panel-grid panel-no-style\" ><div id=\"pgc-217-2-0\"  class=\"panel-grid-cell\" ><div id=\"panel-217-2-0-0\" class=\"so-panel widget widget_text panel-first-child panel-last-child\" data-index=\"2\" ><div class=\"panel-widget-style panel-widget-style-for-217-2-0-0\" >\t\t\t<div class=\"textwidget\"><div class=\"listings wpbdp-listings-list list\">\n<div id=\"wpbdp-listing-1549\"\n     class=\"wpbdp-listing wpbdp-excerpt excerpt wpbdp-listing-excerpt wpbdp-listing-1549 normal  odd\" data-breakpoints='{\"medium\": [560,780], \"large\": [780,999999]}' data-breakpoints-class-prefix=\"wpbdp-listing-excerpt\"><\/p>\n<div class=\"listing-title\">\n    <a href=\"http:\/\/www.gewerbe-boltigen.ch\/html\/branchenverzeichnis\/1549\/alex-jenzer-wandermaler-gmbh\/\" target=\"_self\" >Alex Jenzer &#8211; WanderMaler GmbH<\/a><\/div>\n<div class=\"excerpt-content\">\n<div class=\"listing-thumbnail\"><a href=\"https:\/\/www.gewerbe-boltigen.ch\/html\/branchenverzeichnis\/1549\/alex-jenzer-wandermaler-gmbh\/\" target=\"_self\" class=\"\" title=\"\" ><img width=\"150\" height=\"90\" src=\"https:\/\/www.gewerbe-boltigen.ch\/html\/wp-content\/uploads\/wandermaler-klein-150x90.jpg\" class=\"attachment-wpbdp-thumb wpbdmthumbs wpbdp-excerpt-thumbnail wpbdp-thumbnail\" alt=\"Alex Jenzer &#8211; WanderMaler GmbH\" title=\"Alex Jenzer &#8211; WanderMaler GmbH\" decoding=\"async\" loading=\"lazy\" srcset=\"https:\/\/www.gewerbe-boltigen.ch\/html\/wp-content\/uploads\/wandermaler-klein-150x90.jpg 150w, https:\/\/www.gewerbe-boltigen.ch\/html\/wp-content\/uploads\/wandermaler-klein.jpg 246w\" sizes=\"auto, (max-width: 150px) 100vw, 150px\" \/><\/a><\/div>\n<div class=\"listing-details\">\n<div class=\"wpbdp-field-display wpbdp-field wpbdp-field-value field-display field-value wpbdp-field-web wpbdp-field-meta wpbdp-field-type-url wpbdp-field-association-meta  \" ><label>Web:<\/label> <span class=\"value\"><a href=\"http:\/\/www.skiandhiking.ch\/\" rel=\"\" target=\"_blank\" title=\"http:\/\/www.skiandhiking.ch\/\">www.skiandhiking.ch<\/a><\/span><\/div>\n<div class=\"wpbdp-field-display wpbdp-field wpbdp-field-value field-display field-value wpbdp-field-telefon wpbdp-field-meta wpbdp-field-type-textfield wpbdp-field-association-meta  \" ><label>Telefon:<\/label> <span class=\"value\">078 713 07 57<\/span><\/div>\n<div class=\"wpbdp-field-display wpbdp-field wpbdp-field-value field-display field-value wpbdp-field-branche wpbdp-field-category wpbdp-field-type-select wpbdp-field-association-category  \" ><label>Branche:<\/label> <span class=\"value\"><a href=\"http:\/\/www.gewerbe-boltigen.ch\/html\/tourismus\/aktivitaeten\/\" rel=\"tag\">Aktivit\u00e4ten<\/a>, <a href=\"http:\/\/www.gewerbe-boltigen.ch\/html\/bau\/innenausbau\/malerei\/\" rel=\"tag\">Malerei<\/a>, <a href=\"http:\/\/www.gewerbe-boltigen.ch\/html\/dienstleistung\/gesundheitfitness\/\" rel=\"tag\">Gesundheit\/Fitness<\/a><\/span><\/div>\n<\/p><\/div>\n<\/div>\n<div class=\"listing-actions cf\">\n<a class=\"wpbdp-button button view-listing\" style=\"padding: 5px 10px; font-size: 11px; text-decoration: underline; background-color: #e6e6e6; color: #7c7c7c; border: 1px solid #d2d2d2; border-radius: 3px; box-shadow: 0 1px 2px rgba(64,64,64,0.1); margin-right: 3px;\" href=\"http:\/\/www.gewerbe-boltigen.ch\/html\/branchenverzeichnis\/1549\/alex-jenzer-wandermaler-gmbh\/\" >Anschauen<\/a><\/div>\n<\/div>\n<\/div>\n<\/div>\n\t\t<\/div><\/div><\/div><\/div><div id=\"pg-217-3\"  class=\"panel-grid panel-has-style\" ><div class=\"panel-row-style panel-row-style-for-217-3\" ><div id=\"pgc-217-3-0\"  class=\"panel-grid-cell\" ><div id=\"panel-217-3-0-0\" class=\"so-panel widget widget_text panel-first-child panel-last-child\" data-index=\"3\" ><div class=\"panel-widget-style panel-widget-style-for-217-3-0-0\" >\t\t\t<div class=\"textwidget\"><div class=\"listings wpbdp-listings-list list\">\n<div id=\"wpbdp-listing-348\" class=\"wpbdp-listing-348 wpbdp-listing excerpt wpbdp-excerpt wpbdp-listing-excerpt wpbdp-listing-plan-id-2 wpbdp-listing-plan-kostenloser_eintrag wpbdp-listing-category-id-40 wpbdp-listing-category-id-22 wpbdp-listing-category-id-34 even\" data-breakpoints='{\"medium\": [560,780], \"large\": [780,999999]}' data-breakpoints-class-prefix=\"wpbdp-listing-excerpt\">\n<div class=\"listing-title\">\n    <a href=\"http:\/\/www.gewerbe-boltigen.ch\/html\/branchenverzeichnis\/348\/architektur-wandern\" target=\"_self\" >Architektur &#038; Wandern<\/a><\/div>\n<div class=\"excerpt-content\">\n<div class=\"listing-details\">\n<div class=\"wpbdp-field-display wpbdp-field wpbdp-field-value field-display field-value wpbdp-field-web wpbdp-field-meta wpbdp-field-type-textfield wpbdp-field-association-meta  \" ><label>Web:<\/label><a href=\"https:\/\/www.architekturundwandern.ch\/\" rel=\" noopener\" target=\"_blank\" title=\"www.architekturundwandern.ch\">www.architekturundwandern.ch<\/a><\/div>\n<div class=\"wpbdp-field-display wpbdp-field wpbdp-field-value field-display field-value wpbdp-field-telefon wpbdp-field-meta wpbdp-field-type-textfield wpbdp-field-association-meta  \" ><label>Telefon:<\/label> <span class=\"value\">079 376 21 79<\/span><\/div>\n<div class=\"wpbdp-field-display wpbdp-field wpbdp-field-value field-display field-value wpbdp-field-branche wpbdp-field-category wpbdp-field-type-select wpbdp-field-association-category  \" ><label>Branche:<\/label> <span class=\"value\"><a href=\"https:\/\/www.gewerbe-boltigen.ch\/html\/tourismus\/aktivitaeten\/\" rel=\"tag\">Aktivit\u00e4ten<\/a>, <a href=\"https:\/\/www.gewerbe-boltigen.ch\/html\/bau\/baudienstleistung\/\" rel=\"tag\">Baudienstleistung<\/a>, <a href=\"https:\/\/www.gewerbe-boltigen.ch\/html\/dienstleistung\/gesundheitfitness\/\" rel=\"tag\">Gesundheit\/Fitness<\/a><\/span><\/div>\n<\/p><\/div>\n<\/div>\n<div class=\"listing-actions cf\">\n<a class=\"wpbdp-button button view-listing\" style=\"padding: 5px 10px; font-size: 11px; text-decoration: underline; background-color: #e6e6e6; color: #7c7c7c; border: 1px solid #d2d2d2; border-radius: 3px; box-shadow: 0 1px 2px rgba(64,64,64,0.1); margin-right: 3px;\" href=\"http:\/\/www.gewerbe-boltigen.ch\/html\/branchenverzeichnis\/348\/architektur-wandern\" >Anschauen<\/a><\/div>\n<\/div>\n<\/div>\n<\/div>\n\t\t<\/div><\/div><\/div><\/div><\/div><div id=\"pg-217-4\"  class=\"panel-grid panel-no-style\" ><div id=\"pgc-217-4-0\"  class=\"panel-grid-cell\" ><div id=\"panel-217-4-0-0\" class=\"so-panel widget widget_text panel-first-child panel-last-child\" data-index=\"4\" ><div class=\"panel-widget-style panel-widget-style-for-217-4-0-0\" >\t\t\t<div class=\"textwidget\"><div class=\"listings wpbdp-listings-list list\">\n<div id=\"wpbdp-listing-321\"\n     class=\"wpbdp-listing wpbdp-excerpt excerpt wpbdp-listing-excerpt wpbdp-listing-321 normal  even\" data-breakpoints='{\"medium\": [560,780], \"large\": [780,999999]}' data-breakpoints-class-prefix=\"wpbdp-listing-excerpt\"><\/p>\n<div class=\"listing-title\">\n    <a href=\"https:\/\/www.gewerbe-boltigen.ch\/html\/branchenverzeichnis\/321\/assepro-thun\/\" target=\"_self\" >ASSEPRO Thun<\/a><\/div>\n<div class=\"excerpt-content\">\n<div class=\"listing-thumbnail\"><a href=\"http:\/\/www.gewerbe-boltigen.ch\/html\/branchenverzeichnis\/321\/assepro-thun\/\" target=\"_self\" class=\"\" ><img loading=\"lazy\" decoding=\"async\" width=\"150\" height=\"35\" src=\"https:\/\/www.gewerbe-boltigen.ch\/html\/wp-content\/uploads\/ASSEPRO_Logo_claim-150x35.png\" class=\"wpbdp-thumbnail attachment-wpbdp-thumb wpbdmthumbs wpbdp-excerpt-thumbnail\" alt=\"ASSEPRO Thun\" title=\"ASSEPRO Thun\" srcset=\"https:\/\/www.gewerbe-boltigen.ch\/html\/wp-content\/uploads\/ASSEPRO_Logo_claim-150x35.png 150w, https:\/\/www.gewerbe-boltigen.ch\/html\/wp-content\/uploads\/ASSEPRO_Logo_claim-300x71.png 300w, https:\/\/www.gewerbe-boltigen.ch\/html\/wp-content\/uploads\/ASSEPRO_Logo_claim-768x181.png 768w, https:\/\/www.gewerbe-boltigen.ch\/html\/wp-content\/uploads\/ASSEPRO_Logo_claim-676x159.png 676w, https:\/\/www.gewerbe-boltigen.ch\/html\/wp-content\/uploads\/ASSEPRO_Logo_claim-500x118.png 500w, https:\/\/www.gewerbe-boltigen.ch\/html\/wp-content\/uploads\/ASSEPRO_Logo_claim.png 903w\" sizes=\"auto, (max-width: 150px) 100vw, 150px\" \/><\/a><\/div>\n<div class=\"listing-details\">\n<div class=\"wpbdp-field-display wpbdp-field wpbdp-field-value field-display field-value wpbdp-field-web wpbdp-field-meta wpbdp-field-type-url wpbdp-field-association-meta  \" ><label>Web:<\/label> <span class=\"value\"><a href=\"https:\/\/assepro.com\/ueber-assepro\/standorte\/assepro-thun\/\" rel=\"\" target=\"_blank\" title=\"www.assepro.com\/thun\">www.assepro.com\/thun<\/a><\/span><\/div>\n<div class=\"wpbdp-field-display wpbdp-field wpbdp-field-value field-display field-value wpbdp-field-telefon wpbdp-field-meta wpbdp-field-type-textfield wpbdp-field-association-meta  \" ><label>Telefon:<\/label> <span class=\"value\">058 590 48 10<\/span><\/div>\n<div class=\"wpbdp-field-display wpbdp-field wpbdp-field-value field-display field-value wpbdp-field-branche wpbdp-field-category wpbdp-field-type-select wpbdp-field-association-category  \" ><label>Branche:<\/label> <span class=\"value\"><a href=\"https:\/\/www.gewerbe-boltigen.ch\/html\/dienstleistung\/versicherungbank\/\" rel=\"tag\">Versicherung\/Bank<\/a><\/span><\/div>\n<\/p><\/div>\n<\/div>\n<div class=\"listing-actions cf\">\n<a class=\"wpbdp-button button view-listing\" style=\"padding: 5px 10px; font-size: 11px; text-decoration: underline; background-color: #e6e6e6; color: #7c7c7c; border: 1px solid #d2d2d2; border-radius: 3px; box-shadow: 0 1px 2px rgba(64,64,64,0.1); margin-right: 3px;\" href=\"https:\/\/www.gewerbe-boltigen.ch\/html\/branchenverzeichnis\/321\/assepro-thun\/\" >Anschauen<\/a><\/div>\n<\/div>\n<\/div>\n<\/div>\n\t\t<\/div><\/div><\/div><\/div><div id=\"pg-217-5\"  class=\"panel-grid panel-has-style\" ><div class=\"panel-row-style panel-row-style-for-217-5\" ><div id=\"pgc-217-5-0\"  class=\"panel-grid-cell\" ><div id=\"panel-217-5-0-0\" class=\"so-panel widget widget_text panel-first-child panel-last-child\" data-index=\"5\" ><div class=\"panel-widget-style panel-widget-style-for-217-5-0-0\" >\t\t\t<div class=\"textwidget\"><div class=\"listings wpbdp-listings-list list\">\n<div id=\"wpbdp-listing-1802\"\n     class=\"wpbdp-listing wpbdp-excerpt excerpt wpbdp-listing-excerpt wpbdp-listing-1802normal  even\" data-breakpoints='{\"medium\": [560,780], \"large\": [780,999999]}' data-breakpoints-class-prefix=\"wpbdp-listing-excerpt\"><\/p>\n<div class=\"listing-title\">\n    <a href=\"https:\/\/www.gewerbe-boltigen.ch\/html\/branchenverzeichnis\/1802\/axa-versicherungen-ag\/\" target=\"_self\" >AXA Versicherungen AG<\/a><\/div>\n<div class=\"excerpt-content\">\n<div class=\"listing-thumbnail\"><a href=\"http:\/\/www.gewerbe-boltigen.ch\/html\/branchenverzeichnis\/1802\/axa-versicherungen-ag\/\" target=\"_self\" class=\"\" ><img loading=\"lazy\" decoding=\"async\" width=\"150\" height=\"35\" src=\"https:\/\/www.gewerbe-boltigen.ch\/html\/wp-content\/uploads\/AXA-Logo-150x84.png\" class=\"wpbdp-thumbnail attachment-wpbdp-thumb wpbdmthumbs wpbdp-excerpt-thumbnail\" alt=\"AXA Versicherungen AG\" title=\"AXA Versicherungen AG\" srcset=\"https:\/\/www.gewerbe-boltigen.ch\/html\/wp-content\/uploads\/AXA-Logo-150x84.png 150w, https:\/\/www.gewerbe-boltigen.ch\/html\/wp-content\/uploads\/AXA-Logo-300x169.png 300w, https:\/\/www.gewerbe-boltigen.ch\/html\/wp-content\/uploads\/AXA-Logo-1024x576.png 1024w, https:\/\/www.gewerbe-boltigen.ch\/html\/wp-content\/uploads\/AXA-Logo-768x432.png 768w, https:\/\/www.gewerbe-boltigen.ch\/html\/wp-content\/uploads\/AXA-Logo-1536x864.png 1536w, https:\/\/www.gewerbe-boltigen.ch\/html\/wp-content\/uploads\/AXA-Logo-2048x1152.png 2048w, https:\/\/www.gewerbe-boltigen.ch\/html\/wp-content\/uploads\/AXA-Logo-676x380.png 676w, https:\/\/www.gewerbe-boltigen.ch\/html\/wp-content\/uploads\/AXA-Logo-500x281.png 500w\" sizes=\"auto, (max-width: 150px) 100vw, 150px\" \/><\/a><\/div>\n<div class=\"listing-details\">\n<div class=\"wpbdp-field-display wpbdp-field wpbdp-field-value field-display field-value wpbdp-field-web wpbdp-field-meta wpbdp-field-type-url wpbdp-field-association-meta  \" ><label>Web:<\/label> <span class=\"value\"><a href=\"https:\/\/www.axa.ch\/de\/ueber-axa\/standorte\/agenturen\/zweisimmen_50136955.html\" rel=\" noopener\" target=\"_blank\" title=\"www.axa.ch\/\">www.axa.ch\/<\/a><\/span><\/div>\n<div class=\"wpbdp-field-display wpbdp-field wpbdp-field-value field-display field-value wpbdp-field-telefon wpbdp-field-meta wpbdp-field-type-textfield wpbdp-field-association-meta  \" ><label>Telefon:<\/label> <span class=\"value\">033 729 03 03<\/span><\/div>\n<div class=\"wpbdp-field-display wpbdp-field wpbdp-field-value field-display field-value wpbdp-field-branche wpbdp-field-category wpbdp-field-type-select wpbdp-field-association-category  \" ><label>Branche:<\/label> <span class=\"value\"><a href=\"https:\/\/www.gewerbe-boltigen.ch\/html\/dienstleistung\/versicherungbank\/\" rel=\"tag\">Versicherung\/Bank<\/a><\/span><\/div>\n<\/p><\/div>\n<\/div>\n<div class=\"listing-actions cf\">\n<a class=\"wpbdp-button button view-listing\" style=\"padding: 5px 10px; font-size: 11px; text-decoration: underline; background-color: #e6e6e6; color: #7c7c7c; border: 1px solid #d2d2d2; border-radius: 3px; box-shadow: 0 1px 2px rgba(64,64,64,0.1); margin-right: 3px;\" href=\"https:\/\/www.gewerbe-boltigen.ch\/html\/branchenverzeichnis\/1802\/axa-versicherungen-ag\/\" >Anschauen<\/a><\/div>\n<\/div>\n<\/div>\n<\/div>\n\t\t<\/div><\/div><\/div><\/div><\/div><div id=\"pg-217-6\"  class=\"panel-grid panel-no-style\" ><div id=\"pgc-217-6-0\"  class=\"panel-grid-cell\" ><div id=\"panel-217-6-0-0\" class=\"so-panel widget widget_text panel-first-child panel-last-child\" data-index=\"6\" ><div class=\"panel-widget-style panel-widget-style-for-217-6-0-0\" >\t\t\t<div class=\"textwidget\"><div id=\"wpbdp-listing-1366\" class=\"wpbdp-listing-1366 wpbdp-listing excerpt wpbdp-excerpt wpbdp-listing-excerpt wpbdp-listing-plan-id-2 wpbdp-listing-plan-kostenloser_eintrag wpbdp-listing-category-id-22 even\" data-breakpoints='{\"medium\": [560,780], \"large\": [780,999999]}' data-breakpoints-class-prefix=\"wpbdp-listing-excerpt\">\n<div class=\"listing-title\">\n    <a href=\"https:\/\/www.gewerbe-boltigen.ch\/html\/branchenverzeichnis\/1366\/bau-aesthetik\/\" target=\"_self\" >BAU \u00c4sthetik<\/a>\n<\/div>\n<div class=\"excerpt-content wpbdp-hide-title\">\n<div class=\"listing-thumbnail\"><a href=\"https:\/\/www.gewerbe-boltigen.ch\/html\/branchenverzeichnis\/1366\/bau-aesthetik\/\" target=\"_self\" class=\"\" title=\"\" ><img width=\"150\" height=\"62\" src=\"https:\/\/www.gewerbe-boltigen.ch\/html\/wp-content\/uploads\/logo-bauaesthetik-bieri-150x62.jpg\" class=\"attachment-wpbdp-thumb wpbdmthumbs wpbdp-excerpt-thumbnail wpbdp-thumbnail\" alt=\"BAU \u00c4sthetik\" title=\"BAU \u00c4sthetik\" decoding=\"async\" loading=\"lazy\" srcset=\"https:\/\/www.gewerbe-boltigen.ch\/html\/wp-content\/uploads\/logo-bauaesthetik-bieri-150x62.jpg 150w, https:\/\/www.gewerbe-boltigen.ch\/html\/wp-content\/uploads\/logo-bauaesthetik-bieri-300x123.jpg 300w, https:\/\/www.gewerbe-boltigen.ch\/html\/wp-content\/uploads\/logo-bauaesthetik-bieri-768x316.jpg 768w, https:\/\/www.gewerbe-boltigen.ch\/html\/wp-content\/uploads\/logo-bauaesthetik-bieri-676x278.jpg 676w, https:\/\/www.gewerbe-boltigen.ch\/html\/wp-content\/uploads\/logo-bauaesthetik-bieri-500x206.jpg 500w, https:\/\/www.gewerbe-boltigen.ch\/html\/wp-content\/uploads\/logo-bauaesthetik-bieri.jpg 900w\" sizes=\"auto, (max-width: 150px) 100vw, 150px\" \/><\/a><\/div>\n<div class=\"listing-details\">\n<div class=\"wpbdp-field-display wpbdp-field wpbdp-field-value field-display field-value wpbdp-field-web wpbdp-field-meta wpbdp-field-type-url wpbdp-field-association-meta  \" ><label>Web:<\/label> <span class=\"value\"><a href=\"https:\/\/www.bauaesthetik.ch\/\" rel=\"\" target=\"_blank\" rel=\"noopener\" title=\"www.bauaesthetik.ch\/\">www.bauaesthetik.ch\/<\/a><\/span><\/div>\n<div class=\"wpbdp-field-display wpbdp-field wpbdp-field-value field-display field-value wpbdp-field-telefon wpbdp-field-meta wpbdp-field-type-textfield wpbdp-field-association-meta  \" ><label>Telefon:<\/label> <span class=\"value\">078 734 93 02<\/span><\/div>\n<div class=\"wpbdp-field-display wpbdp-field wpbdp-field-value field-display field-value wpbdp-field-branche wpbdp-field-category wpbdp-field-type-select wpbdp-field-association-category  \" ><label>Branche:<\/label> <span class=\"value\"><a href=\"https:\/\/www.gewerbe-boltigen.ch\/html\/bau\/baudienstleistung\/\" rel=\"tag\">Baudienstleistung<\/a><\/span><\/div>\n<\/p><\/div>\n<\/div>\n<div class=\"listing-actions cf\">\n    <a class=\"wpbdp-button button view-listing\" style=\"padding: 5px 10px; font-size: 11px; text-decoration: underline; background-color: #e6e6e6; color: #7c7c7c; border: 1px solid #d2d2d2; border-radius: 3px; box-shadow: 0 1px 2px rgba(64,64,64,0.1); margin-right: 3px;\" href=\"http:\/\/www.gewerbe-boltigen.ch\/html\/branchenverzeichnis\/1366\/bau-aesthetik\/\"  >Anschauen<\/a><\/div>\n<\/div>\n<\/div>\n\t\t<\/div><\/div><\/div><\/div><div id=\"pg-217-7\"  class=\"panel-grid panel-has-style\" ><div class=\"panel-row-style panel-row-style-for-217-7\" ><div id=\"pgc-217-7-0\"  class=\"panel-grid-cell\" ><div id=\"panel-217-7-0-0\" class=\"so-panel widget widget_text panel-first-child panel-last-child\" data-index=\"7\" >\t\t\t<div class=\"textwidget\"><div class=\"listings wpbdp-listings-list list\">\n<div id=\"wpbdp-listing-339\"\n     class=\"wpbdp-listing wpbdp-excerpt excerpt wpbdp-listing-excerpt wpbdp-listing-339 normal  even\" data-breakpoints='{\"medium\": [560,780], \"large\": [780,999999]}' data-breakpoints-class-prefix=\"wpbdp-listing-excerpt\"><\/p>\n<div class=\"listing-title\">\n    <a href=\"http:\/\/www.gewerbe-boltigen.ch\/html\/branchenverzeichnis\/339\/beetschen\" target=\"_self\" >Beetschen<\/a><\/div>\n<div class=\"excerpt-content\">\n<div class=\"listing-thumbnail\"><a href=\"https:\/\/www.gewerbe-boltigen.ch\/html\/branchenverzeichnis\/339\/beetschen\/\" target=\"_self\" class=\"\" title=\"\" ><img width=\"150\" height=\"88\" src=\"https:\/\/www.gewerbe-boltigen.ch\/html\/wp-content\/uploads\/beetschen-logo-150x88.jpg\" class=\"attachment-wpbdp-thumb wpbdmthumbs wpbdp-excerpt-thumbnail wpbdp-thumbnail\" alt=\"Beetschen\" title=\"Beetschen\" decoding=\"async\" loading=\"lazy\" srcset=\"https:\/\/www.gewerbe-boltigen.ch\/html\/wp-content\/uploads\/beetschen-logo-150x88.jpg 150w, https:\/\/www.gewerbe-boltigen.ch\/html\/wp-content\/uploads\/beetschen-logo-300x176.jpg 300w, https:\/\/www.gewerbe-boltigen.ch\/html\/wp-content\/uploads\/beetschen-logo-768x451.jpg 768w, https:\/\/www.gewerbe-boltigen.ch\/html\/wp-content\/uploads\/beetschen-logo-1024x602.jpg 1024w, https:\/\/www.gewerbe-boltigen.ch\/html\/wp-content\/uploads\/beetschen-logo-676x397.jpg 676w, https:\/\/www.gewerbe-boltigen.ch\/html\/wp-content\/uploads\/beetschen-logo-500x294.jpg 500w, https:\/\/www.gewerbe-boltigen.ch\/html\/wp-content\/uploads\/beetschen-logo.jpg 1200w\" sizes=\"auto, (max-width: 150px) 100vw, 150px\" \/><\/a><\/div>\n<div class=\"listing-details\">\n<div class=\"wpbdp-field-display wpbdp-field wpbdp-field-value field-display field-value wpbdp-field-web wpbdp-field-meta wpbdp-field-type-url wpbdp-field-association-meta  \" ><label>Web:<\/label> <span class=\"value\"><a href=\"https:\/\/www.beetschen-boltigen.ch\/\" rel=\"\" target=\"_blank\" title=\"www.beetschen-boltigen.ch\">www.beetschen-boltigen.ch<\/a><\/span><\/div>\n<div class=\"wpbdp-field-display wpbdp-field wpbdp-field-value field-display field-value wpbdp-field-telefon wpbdp-field-meta wpbdp-field-type-textfield wpbdp-field-association-meta  \" ><label>Telefon:<\/label> <span class=\"value\">033 773 60 55<\/span><\/div>\n<div class=\"wpbdp-field-display wpbdp-field wpbdp-field-value field-display field-value wpbdp-field-branche wpbdp-field-category wpbdp-field-type-select wpbdp-field-association-category  \" ><label>Branche:<\/label> <span class=\"value\"><a href=\"https:\/\/www.gewerbe-boltigen.ch\/html\/bau\/installation\/\" rel=\"tag\">Installation<\/a>, <a href=\"https:\/\/www.gewerbe-boltigen.ch\/html\/bau\/rohbau\/spenglerblitzschutz\/\" rel=\"tag\">Spengler\/Blitzschutz<\/a><\/span><\/div>\n<\/p><\/div>\n<\/div>\n<div class=\"listing-actions cf\">\n<a class=\"wpbdp-button button view-listing\" style=\"padding: 5px 10px; font-size: 11px; text-decoration: underline; background-color: #e6e6e6; color: #7c7c7c; border: 1px solid #d2d2d2; border-radius: 3px; box-shadow: 0 1px 2px rgba(64,64,64,0.1); margin-right: 3px;\" href=\"http:\/\/www.gewerbe-boltigen.ch\/html\/branchenverzeichnis\/339\/beetschen\" >Anschauen<\/a><\/div>\n<\/div>\n<\/div>\n<\/div>\n\t\t<\/div><\/div><\/div><\/div><div id=\"pg-217-8\"  class=\"panel-grid panel-no-style\" ><div id=\"pgc-217-8-0\"  class=\"panel-grid-cell\" ><div id=\"panel-217-8-0-0\" class=\"so-panel widget widget_text panel-first-child panel-last-child\" data-index=\"8\" ><div class=\"panel-widget-style panel-widget-style-for-217-8-0-0\" >\t\t\t<div class=\"textwidget\"><div class=\"listings wpbdp-listings-list list\">\n<div class=\"wpbdp-listing wpbdp-excerpt excerpt wpbdp-listing-excerpt wpbdp-listing-345 normal  even\" data-breakpoints='{\"medium\": [560,780], \"large\": [780,999999]}' data-breakpoints-class-prefix=\"wpbdp-listing-excerpt\">\n<div class=\"listing-title\" style=\"font-size:34px; color:#044f8d;\">Boltigen-Jaunpass Tourismus<\/div>\n<div class=\"excerpt-content\">\n<div class=\"listing-details\">\n<div class=\"wpbdp-field-display wpbdp-field wpbdp-field-value field-display field-value wpbdp-field-web wpbdp-field-meta wpbdp-field-type-url wpbdp-field-association-meta  \" ><label>Web:<\/label> <span class=\"value\"><a href=\"https:\/\/lenk-simmental.ch\/unser-simmental\/tal-doerfer\/boltigen-jaunpass\/\" rel=\"\" target=\"_blank\" title=\"www.lenk-simmental.ch\/unser-simmental\/tal-doerfer\/boltigen-jaunpass\/\">www.lenk-simmental.ch\/boltigen-jaunpass\/<\/a><\/span><\/div>\n<div class=\"wpbdp-field-display wpbdp-field wpbdp-field-value field-display field-value wpbdp-field-telefon wpbdp-field-meta wpbdp-field-type-textfield wpbdp-field-association-meta  \" ><label>Telefon:<\/label> <span class=\"value\">033 773 69 19<\/span><\/div>\n<div class=\"wpbdp-field-display wpbdp-field wpbdp-field-value field-display field-value wpbdp-field-branche wpbdp-field-category wpbdp-field-type-select wpbdp-field-association-category  \" ><label>Branche:<\/label> <span class=\"value\">Tourismus<\/span><\/div>\n<\/p><\/div>\n<\/div>\n<p>&nbsp;\n<\/div>\n<\/div>\n<\/div>\n\t\t<\/div><\/div><\/div><\/div><div id=\"pg-217-9\"  class=\"panel-grid panel-has-style\" ><div class=\"panel-row-style panel-row-style-for-217-9\" ><div id=\"pgc-217-9-0\"  class=\"panel-grid-cell\" ><div id=\"panel-217-9-0-0\" class=\"so-panel widget widget_text panel-first-child panel-last-child\" data-index=\"9\" ><div class=\"panel-widget-style panel-widget-style-for-217-9-0-0\" >\t\t\t<div class=\"textwidget\"><div class=\"listings wpbdp-listings-list list\">\n<div id=\"wpbdp-listing-1272\" class=\"wpbdp-listing-1272 wpbdp-listing excerpt wpbdp-excerpt wpbdp-listing-excerpt wpbdp-listing-plan-id-2 wpbdp-listing-plan-kostenloser_eintrag wpbdp-listing-category-id-43 wpbdp-listing-category-id-23 odd\" data-breakpoints='{\"medium\": [560,780], \"large\": [780,999999]}' data-breakpoints-class-prefix=\"wpbdp-listing-excerpt\">\n<div class=\"listing-title\">\n    <a href=\"http:\/\/www.gewerbe-boltigen.ch\/html\/branchenverzeichnis\/1272\/boltig-lebkuchen\" target=\"_self\" >Boltig-Lebkuchen<\/a><\/div>\n<div class=\"excerpt-content\">\n<div class=\"listing-thumbnail\"><a href=\"https:\/\/www.gewerbe-boltigen.ch\/html\/branchenverzeichnis\/1272\/boltig-lebkuchen\/\" target=\"_self\" class=\"\" title=\"\" ><img width=\"150\" height=\"150\" src=\"https:\/\/www.gewerbe-boltigen.ch\/html\/wp-content\/uploads\/boltig-lebkuchen-150x150.jpg\" class=\"attachment-wpbdp-thumb wpbdmthumbs wpbdp-excerpt-thumbnail wpbdp-thumbnail\" alt=\"Boltig-Lebkuchen\" title=\"Boltig-Lebkuchen\" decoding=\"async\" loading=\"lazy\" srcset=\"https:\/\/www.gewerbe-boltigen.ch\/html\/wp-content\/uploads\/boltig-lebkuchen-150x150.jpg 150w, https:\/\/www.gewerbe-boltigen.ch\/html\/wp-content\/uploads\/boltig-lebkuchen-300x300.jpg 300w, https:\/\/www.gewerbe-boltigen.ch\/html\/wp-content\/uploads\/boltig-lebkuchen-768x768.jpg 768w, https:\/\/www.gewerbe-boltigen.ch\/html\/wp-content\/uploads\/boltig-lebkuchen-676x676.jpg 676w, https:\/\/www.gewerbe-boltigen.ch\/html\/wp-content\/uploads\/boltig-lebkuchen-50x50.jpg 50w, https:\/\/www.gewerbe-boltigen.ch\/html\/wp-content\/uploads\/boltig-lebkuchen-500x500.jpg 500w, https:\/\/www.gewerbe-boltigen.ch\/html\/wp-content\/uploads\/boltig-lebkuchen.jpg 900w\" sizes=\"auto, (max-width: 150px) 100vw, 150px\" \/><\/a><\/div>\n<div class=\"listing-details\">\n<div class=\"wpbdp-field-display wpbdp-field wpbdp-field-value field-display field-value wpbdp-field-web wpbdp-field-meta wpbdp-field-type-url wpbdp-field-association-meta  \" ><label>Web:<\/label> <span class=\"value\"><a href=\"https:\/\/www.boltig-lebkuchen.ch\/\" rel=\"\" target=\"_blank\" rel=\"noopener\" title=\"www.boltig-lebkuchen.ch\">www.boltig-lebkuchen.ch<\/a><\/span><\/div>\n<div class=\"wpbdp-field-display wpbdp-field wpbdp-field-value field-display field-value wpbdp-field-telefon wpbdp-field-meta wpbdp-field-type-textfield wpbdp-field-association-meta  \" ><label>Telefon:<\/label> <span class=\"value\">079 258 71 52 <br \/> 078 646 93 69<\/span><\/div>\n<div class=\"wpbdp-field-display wpbdp-field wpbdp-field-value field-display field-value wpbdp-field-branche wpbdp-field-category wpbdp-field-type-select wpbdp-field-association-category  \" ><label>Branche:<\/label> <span class=\"value\"><a href=\"https:\/\/www.gewerbe-boltigen.ch\/html\/kunst-handwerk\/accessoires\/\" rel=\"tag\">Accessoires<\/a>, <a href=\"https:\/\/www.gewerbe-boltigen.ch\/html\/detailhandel\/lebensmittel\/\" rel=\"tag\">Lebensmittel<\/a><\/span><\/div>\n<\/p><\/div>\n<\/div>\n<div class=\"listing-actions cf\">\n<a class=\"wpbdp-button button view-listing\" style=\"padding: 5px 10px; font-size: 11px; text-decoration: underline; background-color: #e6e6e6; color: #7c7c7c; border: 1px solid #d2d2d2; border-radius: 3px; box-shadow: 0 1px 2px rgba(64,64,64,0.1); margin-right: 3px;\" href=\"http:\/\/www.gewerbe-boltigen.ch\/html\/branchenverzeichnis\/1272\/boltig-lebkuchen\" >Anschauen<\/a><\/div>\n<\/div>\n<\/div>\n<\/div>\n\t\t<\/div><\/div><\/div><\/div><\/div><div id=\"pg-217-10\"  class=\"panel-grid panel-no-style\" ><div id=\"pgc-217-10-0\"  class=\"panel-grid-cell\" ><div id=\"panel-217-10-0-0\" class=\"so-panel widget widget_text panel-first-child panel-last-child\" data-index=\"10\" >\t\t\t<div class=\"textwidget\"><div class=\"listings wpbdp-listings-list list\">\n<div id=\"wpbdp-listing-293\"\n     class=\"wpbdp-listing wpbdp-excerpt excerpt wpbdp-listing-excerpt wpbdp-listing-293 normal  odd\" data-breakpoints='{\"medium\": [560,780], \"large\": [780,999999]}' data-breakpoints-class-prefix=\"wpbdp-listing-excerpt\"><\/p>\n<div class=\"listing-title\">\n    <a href=\"https:\/\/www.gewerbe-boltigen.ch\/html\/branchenverzeichnis\/293\/boltig-metzg\/\" target=\"_self\" >Boltig-Metzg<\/a>\n<\/div>\n<div class=\"excerpt-content wpbdp-hide-title\">\n<div class=\"listing-thumbnail\"><a href=\"https:\/\/www.gewerbe-boltigen.ch\/html\/branchenverzeichnis\/293\/boltig-metzg\/\" target=\"_self\" class=\"\" title=\"\" ><img loading=\"lazy\" width=\"150\" height=\"55\" src=\"https:\/\/www.gewerbe-boltigen.ch\/html\/wp-content\/uploads\/2016\/11\/logo-boltig-metzg-150x55.jpg\" class=\"attachment-wpbdp-thumb wpbdmthumbs wpbdp-excerpt-thumbnail wpbdp-thumbnail\" alt=\"Boltig-Metzg\" title=\"Boltig-Metzg\" decoding=\"async\" srcset=\"https:\/\/www.gewerbe-boltigen.ch\/html\/wp-content\/uploads\/2016\/11\/logo-boltig-metzg-150x55.jpg 150w, https:\/\/www.gewerbe-boltigen.ch\/html\/wp-content\/uploads\/2016\/11\/logo-boltig-metzg-300x111.jpg 300w, https:\/\/www.gewerbe-boltigen.ch\/html\/wp-content\/uploads\/2016\/11\/logo-boltig-metzg-500x185.jpg 500w, https:\/\/www.gewerbe-boltigen.ch\/html\/wp-content\/uploads\/2016\/11\/logo-boltig-metzg.jpg 542w\" sizes=\"auto, (max-width: 150px) 100vw, 150px\" \/><\/a><\/div>\n<div class=\"listing-details\">\n<div class=\"wpbdp-field-display wpbdp-field wpbdp-field-value field-display field-value wpbdp-field-web wpbdp-field-meta wpbdp-field-type-url wpbdp-field-association-meta  \" ><label>Web:<\/label> <span class=\"value\"><a href=\"http:\/\/www.boltig-metzg.ch\" rel=\"\" target=\"_blank\" title=\"www.boltig-metzg.ch\">www.boltig-metzg.ch<\/a><\/span><\/div>\n<div class=\"wpbdp-field-display wpbdp-field wpbdp-field-value field-display field-value wpbdp-field-telefon wpbdp-field-meta wpbdp-field-type-textfield wpbdp-field-association-meta  \" ><label>Telefon:<\/label> <span class=\"value\">033 773 62 70<\/span><\/div>\n<div class=\"wpbdp-field-display wpbdp-field wpbdp-field-value field-display field-value wpbdp-field-branche wpbdp-field-category wpbdp-field-type-select wpbdp-field-association-category  \" ><label>Branche:<\/label> <span class=\"value\"><a href=\"https:\/\/www.gewerbe-boltigen.ch\/html\/gastronomie\/catering\/\" rel=\"tag\">Catering<\/a>, <a href=\"https:\/\/www.gewerbe-boltigen.ch\/html\/detailhandel\/lebensmittel\/\" rel=\"tag\">Lebensmittel<\/a><\/span><\/div>\n<\/p><\/div>\n<\/div>\n<div class=\"listing-actions cf\">\n<a class=\"wpbdp-button button view-listing\" style=\"padding: 5px 10px; font-size: 11px; text-decoration: underline; background-color: #e6e6e6; color: #7c7c7c; border: 1px solid #d2d2d2; border-radius: 3px; box-shadow: 0 1px 2px rgba(64,64,64,0.1); margin-right: 3px;\" href=\"http:\/\/www.gewerbe-boltigen.ch\/html\/branchenverzeichnis\/293\/boltig-metzg\" >Anschauen<\/a><\/div>\n<\/div>\n<\/div>\n<\/div>\n\t\t<\/div><\/div><\/div><div id=\"pg-217-11\"  class=\"panel-grid panel-has-style\" ><div class=\"panel-row-style panel-row-style-for-217-11\" ><div id=\"pgc-217-11-0\"  class=\"panel-grid-cell\" ><div id=\"panel-217-11-0-0\" class=\"so-panel widget widget_text panel-first-child panel-last-child\" data-index=\"11\" ><div class=\"panel-widget-style panel-widget-style-for-217-11-0-0\" >\t\t\t<div class=\"textwidget\"><div class=\"listings wpbdp-listings-list list\">\n<div class=\"wpbdp-listing wpbdp-excerpt excerpt wpbdp-listing-excerpt wpbdp-listing-345 normal  even\" data-breakpoints='{\"medium\": [560,780], \"large\": [780,999999]}' data-breakpoints-class-prefix=\"wpbdp-listing-excerpt\">\n<div class=\"listing-title\" style=\"font-size:34px; color:#044f8d;\">Br\u00fcggmatte Garage - Zeller Beat<\/div>\n<div class=\"excerpt-content\">\n<div class=\"listing-details\">\n        <!--\n\n<div class=\"wpbdp-field-display wpbdp-field wpbdp-field-value field-display field-value wpbdp-field-web wpbdp-field-meta wpbdp-field-type-url wpbdp-field-association-meta  \" ><label>Web:<\/label> <span class=\"value\"><a href=\"https:\/\/www.mann-baeckerei.ch\" rel=\"\" target=\"_blank\" title=\"www.mann-baeckerei.ch\">www.mann-baeckerei.ch<\/a><\/span><\/div>\n\n-->    <\/p>\n<div class=\"wpbdp-field-display wpbdp-field wpbdp-field-value field-display field-value wpbdp-field-telefon wpbdp-field-meta wpbdp-field-type-textfield wpbdp-field-association-meta  \" ><label>Telefon:<\/label> <span class=\"value\">033 773 63 01<\/span><\/div>\n<div class=\"wpbdp-field-display wpbdp-field wpbdp-field-value field-display field-value wpbdp-field-branche wpbdp-field-category wpbdp-field-type-select wpbdp-field-association-category  \" ><label>Branche:<\/label> <span class=\"value\">Garagen\/Fahrzeuge<\/span><\/div>\n<\/p><\/div>\n<\/div>\n<p>&nbsp;\n<\/div>\n<\/div>\n<\/div>\n\t\t<\/div><\/div><\/div><\/div><\/div><div id=\"pg-217-12\"  class=\"panel-grid panel-no-style\" ><div id=\"pgc-217-12-0\"  class=\"panel-grid-cell\" ><div id=\"panel-217-12-0-0\" class=\"so-panel widget widget_text panel-first-child panel-last-child\" data-index=\"12\" ><div class=\"panel-widget-style panel-widget-style-for-217-12-0-0\" >\t\t\t<div class=\"textwidget\"><div class=\"listings wpbdp-listings-list list\">\n<div id=\"wpbdp-listing-346\"\n     class=\"wpbdp-listing wpbdp-excerpt excerpt wpbdp-listing-excerpt wpbdp-listing-346 normal  even\" data-breakpoints='{\"medium\": [560,780], \"large\": [780,999999]}' data-breakpoints-class-prefix=\"wpbdp-listing-excerpt\"><\/p>\n<div class=\"listing-title\">\n    <a href=\"http:\/\/www.gewerbe-boltigen.ch\/html\/branchenverzeichnis\/346\/camping-jaunpass-ag\" target=\"_self\" >Camping Jaunpass AG<\/a><\/div>\n<div class=\"excerpt-content\">\n<div class=\"listing-details\">\n<div class=\"wpbdp-field-display wpbdp-field wpbdp-field-value field-display field-value wpbdp-field-web wpbdp-field-meta wpbdp-field-type-textfield wpbdp-field-association-meta  \" ><label>Web:<\/label> <span class=\"value\"><a href=\"http:\/\/www.campingjaunpass.ch\" rel=\"\" target=\"_blank\" title=\"www.campingjaunpass.ch\">www.campingjaunpass.ch<\/a><\/span><\/div>\n<div class=\"wpbdp-field-display wpbdp-field wpbdp-field-value field-display field-value wpbdp-field-telefon wpbdp-field-meta wpbdp-field-type-textfield wpbdp-field-association-meta  \" ><label>Telefon:<\/label> <span class=\"value\">033 773 69 53<\/span><\/div>\n<div class=\"wpbdp-field-display wpbdp-field wpbdp-field-value field-display field-value wpbdp-field-branche wpbdp-field-category wpbdp-field-type-select wpbdp-field-association-category  \" ><label>Branche:<\/label> <span class=\"value\"><a href=\"https:\/\/www.gewerbe-boltigen.ch\/html\/tourismus\/camping\/\" rel=\"tag\">Camping<\/a><\/span><\/div>\n<\/p><\/div>\n<\/div>\n<div class=\"listing-actions cf\">\n<a class=\"wpbdp-button button view-listing\" style=\"padding: 5px 10px; font-size: 11px; text-decoration: underline; background-color: #e6e6e6; color: #7c7c7c; border: 1px solid #d2d2d2; border-radius: 3px; box-shadow: 0 1px 2px rgba(64,64,64,0.1); margin-right: 3px;\" href=\"http:\/\/www.gewerbe-boltigen.ch\/html\/branchenverzeichnis\/346\/camping-jaunpass-ag\" >Anschauen<\/a><\/div>\n<\/div>\n<\/div>\n<\/div>\n\t\t<\/div><\/div><\/div><\/div><div id=\"pg-217-13\"  class=\"panel-grid panel-has-style\" ><div class=\"panel-row-style panel-row-style-for-217-13\" ><div id=\"pgc-217-13-0\"  class=\"panel-grid-cell\" ><div id=\"panel-217-13-0-0\" class=\"so-panel widget widget_text panel-first-child panel-last-child\" data-index=\"13\" >\t\t\t<div class=\"textwidget\"><div class=\"listings wpbdp-listings-list list\">\n<div id=\"wpbdp-listing-379\"\n     class=\"wpbdp-listing wpbdp-excerpt excerpt wpbdp-listing-excerpt wpbdp-listing-379 normal  even\" data-breakpoints='{\"medium\": [560,780], \"large\": [780,999999]}' data-breakpoints-class-prefix=\"wpbdp-listing-excerpt\"><\/p>\n<div class=\"listing-title\">\n    <a href=\"http:\/\/www.gewerbe-boltigen.ch\/html\/branchenverzeichnis\/379\/die-mobiliar\" target=\"_self\" >die Mobiliar<\/a><\/div>\n<div class=\"excerpt-content\">\n<div class=\"listing-thumbnail\"><a href=\"https:\/\/www.gewerbe-boltigen.ch\/html\/branchenverzeichnis\/379\/die-mobiliar\/\" target=\"_self\" class=\"\" title=\"\" ><img width=\"150\" height=\"37\" src=\"https:\/\/www.gewerbe-boltigen.ch\/html\/wp-content\/uploads\/Logo-die-Mobiliar-150x37.png\" class=\"attachment-wpbdp-thumb wpbdmthumbs wpbdp-excerpt-thumbnail wpbdp-thumbnail\" alt=\"die Mobiliar\" title=\"die Mobiliar\" decoding=\"async\" loading=\"lazy\" srcset=\"https:\/\/www.gewerbe-boltigen.ch\/html\/wp-content\/uploads\/Logo-die-Mobiliar-150x37.png 150w, https:\/\/www.gewerbe-boltigen.ch\/html\/wp-content\/uploads\/Logo-die-Mobiliar-300x73.png 300w, https:\/\/www.gewerbe-boltigen.ch\/html\/wp-content\/uploads\/Logo-die-Mobiliar-768x188.png 768w, https:\/\/www.gewerbe-boltigen.ch\/html\/wp-content\/uploads\/Logo-die-Mobiliar-1024x250.png 1024w, https:\/\/www.gewerbe-boltigen.ch\/html\/wp-content\/uploads\/Logo-die-Mobiliar-676x165.png 676w, https:\/\/www.gewerbe-boltigen.ch\/html\/wp-content\/uploads\/Logo-die-Mobiliar-500x122.png 500w\" sizes=\"auto, (max-width: 150px) 100vw, 150px\" \/><\/a><\/div>\n<div class=\"listing-details\">\n<div class=\"wpbdp-field-display wpbdp-field wpbdp-field-value field-display field-value wpbdp-field-web wpbdp-field-meta wpbdp-field-type-url wpbdp-field-association-meta  \" ><label>Web:<\/label> <span class=\"value\"><a href=\"http:\/\/www.mobiliar.ch\/spiez\" rel=\"\" target=\"_blank\" title=\"www.mobiliar.ch\/spiez\">www.mobiliar.ch\/spiez<\/a><\/span><\/div>\n<div class=\"wpbdp-field-display wpbdp-field wpbdp-field-value field-display field-value wpbdp-field-telefon wpbdp-field-meta wpbdp-field-type-textfield wpbdp-field-association-meta  \" ><label>Telefon:<\/label> <span class=\"value\">033 729 10 10<\/span><\/div>\n<div class=\"wpbdp-field-display wpbdp-field wpbdp-field-value field-display field-value wpbdp-field-branche wpbdp-field-category wpbdp-field-type-select wpbdp-field-association-category  \" ><label>Branche:<\/label> <span class=\"value\"><a href=\"https:\/\/www.gewerbe-boltigen.ch\/html\/dienstleistung\/versicherungbank\/\" rel=\"tag\">Versicherung\/Bank<\/a><\/span><\/div>\n<\/p><\/div>\n<\/div>\n<div class=\"listing-actions cf\">\n<a class=\"wpbdp-button button view-listing\" style=\"padding: 5px 10px; font-size: 11px; text-decoration: underline; background-color: #e6e6e6; color: #7c7c7c; border: 1px solid #d2d2d2; border-radius: 3px; box-shadow: 0 1px 2px rgba(64,64,64,0.1); margin-right: 3px;\" href=\"http:\/\/www.gewerbe-boltigen.ch\/html\/branchenverzeichnis\/379\/die-mobiliar\" >Anschauen<\/a><\/div>\n<\/div>\n<\/div>\n<\/div>\n\t\t<\/div><\/div><\/div><\/div><div id=\"pg-217-14\"  class=\"panel-grid panel-no-style\" ><div id=\"pgc-217-14-0\"  class=\"panel-grid-cell\" ><div id=\"panel-217-14-0-0\" class=\"so-panel widget widget_text panel-first-child panel-last-child\" data-index=\"14\" ><div class=\"panel-widget-style panel-widget-style-for-217-14-0-0\" >\t\t\t<div class=\"textwidget\"><div class=\"listings wpbdp-listings-list list\">\n<div id=\"wpbdp-listing-349\"\n     class=\"wpbdp-listing wpbdp-excerpt excerpt wpbdp-listing-excerpt wpbdp-listing-349 normal  even\" data-breakpoints='{\"medium\": [560,780], \"large\": [780,999999]}' data-breakpoints-class-prefix=\"wpbdp-listing-excerpt\">\n\n        <div class=\"listing-title\">\n    <a href=\"http:\/\/www.gewerbe-boltigen.ch\/html\/branchenverzeichnis\/349\/elektroinstallationen-bernhard-feuz\" target=\"_self\" >Elektroinstallationen Bernhard Feuz<\/a><\/div>\n\n<div class=\"excerpt-content\">\n            <div class=\"listing-thumbnail\"><a href=\"https:\/\/www.gewerbe-boltigen.ch\/html\/branchenverzeichnis\/349\/elektroinstallationen-bernhard-feuz\/\" target=\"_self\" class=\"\" title=\"\" ><img width=\"150\" height=\"72\" src=\"https:\/\/www.gewerbe-boltigen.ch\/html\/wp-content\/uploads\/Feuz-logo-150x72.jpg\" class=\"attachment-wpbdp-thumb wpbdmthumbs wpbdp-excerpt-thumbnail wpbdp-thumbnail\" alt=\"Elektroinstallationen Bernhard Feuz\" title=\"Elektroinstallationen Bernhard Feuz\" decoding=\"async\" loading=\"lazy\" srcset=\"https:\/\/www.gewerbe-boltigen.ch\/html\/wp-content\/uploads\/Feuz-logo-150x72.jpg 150w, https:\/\/www.gewerbe-boltigen.ch\/html\/wp-content\/uploads\/Feuz-logo-300x143.jpg 300w, https:\/\/www.gewerbe-boltigen.ch\/html\/wp-content\/uploads\/Feuz-logo-768x367.jpg 768w, https:\/\/www.gewerbe-boltigen.ch\/html\/wp-content\/uploads\/Feuz-logo-1024x489.jpg 1024w, https:\/\/www.gewerbe-boltigen.ch\/html\/wp-content\/uploads\/Feuz-logo-676x323.jpg 676w, https:\/\/www.gewerbe-boltigen.ch\/html\/wp-content\/uploads\/Feuz-logo-500x239.jpg 500w, https:\/\/www.gewerbe-boltigen.ch\/html\/wp-content\/uploads\/Feuz-logo.jpg 1358w\" sizes=\"auto, (max-width: 150px) 100vw, 150px\" \/><\/a><\/div>\n\n    <div class=\"listing-details\">\n        \n        <div class=\"wpbdp-field-display wpbdp-field wpbdp-field-value field-display field-value wpbdp-field-telefon wpbdp-field-meta wpbdp-field-type-textfield wpbdp-field-association-meta  \" ><label>Telefon:<\/label> <span class=\"value\">033 722 24 52<\/span><\/div><div class=\"wpbdp-field-display wpbdp-field wpbdp-field-value field-display field-value wpbdp-field-branche wpbdp-field-category wpbdp-field-type-select wpbdp-field-association-category  \" ><label>Branche:<\/label> <span class=\"value\"><a href=\"https:\/\/www.gewerbe-boltigen.ch\/html\/detailhandel\/elektrogeraete\/\" rel=\"tag\">Elektroger\u00e4te<\/a>, <a href=\"https:\/\/www.gewerbe-boltigen.ch\/html\/bau\/installation\/\" rel=\"tag\">Installation<\/a><\/span><\/div>    <\/div>\n\n<\/div>\n    \n    <div class=\"listing-actions cf\">\n<a class=\"wpbdp-button button view-listing\" style=\"padding: 5px 10px; font-size: 11px; text-decoration: underline; background-color: #e6e6e6; color: #7c7c7c; border: 1px solid #d2d2d2; border-radius: 3px; box-shadow: 0 1px 2px rgba(64,64,64,0.1); margin-right: 3px;\" href=\"http:\/\/www.gewerbe-boltigen.ch\/html\/branchenverzeichnis\/349\/elektroinstallationen-bernhard-feuz\" >Anschauen<\/a><\/div>\n<\/div>\n<\/div><\/div>\n\t\t<\/div><\/div><\/div><\/div><div id=\"pg-217-15\"  class=\"panel-grid panel-has-style\" ><div class=\"panel-row-style panel-row-style-for-217-15\" ><div id=\"pgc-217-15-0\"  class=\"panel-grid-cell\" ><div id=\"panel-217-15-0-0\" class=\"so-panel widget widget_text panel-first-child panel-last-child\" data-index=\"15\" >\t\t\t<div class=\"textwidget\"><div class=\"listings wpbdp-listings-list list\">\n<div id=\"wpbdp-listing-318\"\n     class=\"wpbdp-listing wpbdp-excerpt excerpt wpbdp-listing-excerpt wpbdp-listing-318 normal  odd\" data-breakpoints='{\"medium\": [560,780], \"large\": [780,999999]}' data-breakpoints-class-prefix=\"wpbdp-listing-excerpt\"><\/p>\n<div class=\"listing-title\">\n    <a href=\"http:\/\/www.gewerbe-boltigen.ch\/html\/branchenverzeichnis\/318\/eltel-sisa-znl-der-elektrohuus-von-allmen-ag\" target=\"_self\" >Eltel Sisa &#8211; ZNL der Elektrohuus von Allmen AG<\/a><\/div>\n<div class=\"excerpt-content\">\n<div class=\"listing-thumbnail\"><a href=\"https:\/\/www.gewerbe-boltigen.ch\/html\/branchenverzeichnis\/318\/eltel-sisa-znl-der-elektrohuus-von-allmen-ag\/\" target=\"_self\" class=\"\" title=\"\" ><img width=\"150\" height=\"45\" src=\"https:\/\/www.gewerbe-boltigen.ch\/html\/wp-content\/uploads\/2016\/11\/eltel_sisa_logo-150x45.jpg\" class=\"attachment-wpbdp-thumb wpbdmthumbs wpbdp-excerpt-thumbnail wpbdp-thumbnail\" alt=\"Eltel Sisa &#8211; ZNL der Elektrohuus von Allmen AG\" title=\"Eltel Sisa &#8211; ZNL der Elektrohuus von Allmen AG\" decoding=\"async\" loading=\"lazy\" srcset=\"https:\/\/www.gewerbe-boltigen.ch\/html\/wp-content\/uploads\/2016\/11\/eltel_sisa_logo-150x45.jpg 150w, https:\/\/www.gewerbe-boltigen.ch\/html\/wp-content\/uploads\/2016\/11\/eltel_sisa_logo.jpg 300w\" sizes=\"auto, (max-width: 150px) 100vw, 150px\" \/><\/a><\/div>\n<div class=\"listing-details\">\n<div class=\"wpbdp-field-display wpbdp-field wpbdp-field-value field-display field-value wpbdp-field-web wpbdp-field-meta wpbdp-field-type-url wpbdp-field-association-meta  \" ><label>Web:<\/label> <span class=\"value\"><a href=\"http:\/\/www.eltel-sisa.ch\" rel=\"\" target=\"_blank\" title=\"www.eltel-sisa.ch\">www.eltel-sisa.ch<\/a><\/span><\/div>\n<div class=\"wpbdp-field-display wpbdp-field wpbdp-field-value field-display field-value wpbdp-field-telefon wpbdp-field-meta wpbdp-field-type-textfield wpbdp-field-association-meta  \" ><label>Telefon:<\/label> <span class=\"value\">033 729 80 20<\/span><\/div>\n<div class=\"wpbdp-field-display wpbdp-field wpbdp-field-value field-display field-value wpbdp-field-branche wpbdp-field-category wpbdp-field-type-select wpbdp-field-association-category  \" ><label>Branche:<\/label> <span class=\"value\"><a href=\"https:\/\/www.gewerbe-boltigen.ch\/html\/detailhandel\/elektrogeraete\/\" rel=\"tag\">Elektroger\u00e4te<\/a>, <a href=\"https:\/\/www.gewerbe-boltigen.ch\/html\/bau\/installation\/\" rel=\"tag\">Installation<\/a><\/span><\/div>\n<\/p><\/div>\n<\/div>\n<div class=\"listing-actions cf\">\n<a class=\"wpbdp-button button view-listing\" style=\"padding: 5px 10px; font-size: 11px; text-decoration: underline; background-color: #e6e6e6; color: #7c7c7c; border: 1px solid #d2d2d2; border-radius: 3px; box-shadow: 0 1px 2px rgba(64,64,64,0.1); margin-right: 3px;\" href=\"http:\/\/www.gewerbe-boltigen.ch\/html\/branchenverzeichnis\/318\/eltel-sisa-znl-der-elektrohuus-von-allmen-ag\" >Anschauen<\/a><\/div>\n<\/div>\n<\/div>\n<\/div>\n\t\t<\/div><\/div><\/div><\/div><div id=\"pg-217-16\"  class=\"panel-grid panel-has-style\" ><div class=\"panel-row-style panel-row-style-for-217-16\" ><div id=\"pgc-217-16-0\"  class=\"panel-grid-cell\" ><div id=\"panel-217-16-0-0\" class=\"so-panel widget widget_text panel-first-child panel-last-child\" data-index=\"16\" >\t\t\t<div class=\"textwidget\"><div class=\"listings wpbdp-listings-list list\">\n<div id=\"wpbdp-listing-308\"\n     class=\"wpbdp-listing wpbdp-excerpt excerpt wpbdp-listing-excerpt wpbdp-listing-308 normal  even\" data-breakpoints='{\"medium\": [560,780], \"large\": [780,999999]}' data-breakpoints-class-prefix=\"wpbdp-listing-excerpt\"><\/p>\n<div class=\"listing-title\">\n    <a href=\"http:\/\/www.gewerbe-boltigen.ch\/html\/branchenverzeichnis\/308\/fritz-daenzer-dach-und-holz\" target=\"_self\" >Fritz D\u00e4nzer Dach und Holz<\/a><\/div>\n<div class=\"excerpt-content\">\n<div class=\"listing-thumbnail\"><a href=\"https:\/\/www.gewerbe-boltigen.ch\/html\/branchenverzeichnis\/308\/fritz-daenzer-dach-und-holz\/\" target=\"_self\" class=\"\" title=\"\" ><img width=\"150\" height=\"150\" src=\"https:\/\/www.gewerbe-boltigen.ch\/html\/wp-content\/uploads\/FritzDaenzer-NeuesLogo-150x150.jpg\" class=\"attachment-wpbdp-thumb wpbdmthumbs wpbdp-excerpt-thumbnail wpbdp-thumbnail\" alt=\"Fritz D\u00e4nzer Dach und Holz\" title=\"Fritz D\u00e4nzer Dach und Holz\" decoding=\"async\" loading=\"lazy\" srcset=\"https:\/\/www.gewerbe-boltigen.ch\/html\/wp-content\/uploads\/FritzDaenzer-NeuesLogo-150x150.jpg 150w, https:\/\/www.gewerbe-boltigen.ch\/html\/wp-content\/uploads\/FritzDaenzer-NeuesLogo-300x300.jpg 300w, https:\/\/www.gewerbe-boltigen.ch\/html\/wp-content\/uploads\/FritzDaenzer-NeuesLogo-768x768.jpg 768w, https:\/\/www.gewerbe-boltigen.ch\/html\/wp-content\/uploads\/FritzDaenzer-NeuesLogo-1024x1024.jpg 1024w, https:\/\/www.gewerbe-boltigen.ch\/html\/wp-content\/uploads\/FritzDaenzer-NeuesLogo-676x676.jpg 676w, https:\/\/www.gewerbe-boltigen.ch\/html\/wp-content\/uploads\/FritzDaenzer-NeuesLogo-500x500.jpg 500w, https:\/\/www.gewerbe-boltigen.ch\/html\/wp-content\/uploads\/FritzDaenzer-NeuesLogo.jpg 1200w\" sizes=\"auto, (max-width: 150px) 100vw, 150px\" \/><\/a><\/div>\n<div class=\"listing-details\">\n<div class=\"wpbdp-field-display wpbdp-field wpbdp-field-value field-display field-value wpbdp-field-web wpbdp-field-meta wpbdp-field-type-url wpbdp-field-association-meta  \" ><label>Web:<\/label> <span class=\"value\"><a href=\"http:\/\/www.daenzer-dachundholz.ch\" rel=\"\" target=\"_blank\" title=\"www.daenzer-dachundholz.ch\">www.daenzer-dachundholz.ch<\/a><\/span><\/div>\n<div class=\"wpbdp-field-display wpbdp-field wpbdp-field-value field-display field-value wpbdp-field-telefon wpbdp-field-meta wpbdp-field-type-textfield wpbdp-field-association-meta  \" ><label>Telefon:<\/label> <span class=\"value\">033 773 66 70<\/span><\/div>\n<div class=\"wpbdp-field-display wpbdp-field wpbdp-field-value field-display field-value wpbdp-field-branche wpbdp-field-category wpbdp-field-type-select wpbdp-field-association-category  \" ><label>Branche:<\/label> <span class=\"value\"><a href=\"https:\/\/www.gewerbe-boltigen.ch\/html\/bau\/innenausbau\/boeden\/\" rel=\"tag\">B\u00f6den<\/a>, <a href=\"https:\/\/www.gewerbe-boltigen.ch\/html\/bau\/rohbau\/dachdecker\/\" rel=\"tag\">Dachdecker<\/a>, <a href=\"https:\/\/www.gewerbe-boltigen.ch\/html\/bau\/rohbau\/fassaden\/\" rel=\"tag\">Fassaden<\/a>, <a href=\"https:\/\/www.gewerbe-boltigen.ch\/html\/bau\/rohbau\/holzbau\/\" rel=\"tag\">Holzbau<\/a><\/span><\/div>\n<\/p><\/div>\n<\/div>\n<div class=\"listing-actions cf\">\n<a class=\"wpbdp-button button view-listing\" style=\"padding: 5px 10px; font-size: 11px; text-decoration: underline; background-color: #e6e6e6; color: #7c7c7c; border: 1px solid #d2d2d2; border-radius: 3px; box-shadow: 0 1px 2px rgba(64,64,64,0.1); margin-right: 3px;\" href=\"http:\/\/www.gewerbe-boltigen.ch\/html\/branchenverzeichnis\/308\/fritz-daenzer-dach-und-holz\" >Anschauen<\/a><\/div>\n<\/div>\n<\/div>\n<\/div>\n\t\t<\/div><\/div><\/div><\/div><div id=\"pg-217-17\"  class=\"panel-grid panel-has-style\" ><div class=\"panel-row-style panel-row-style-for-217-17\" ><div id=\"pgc-217-17-0\"  class=\"panel-grid-cell\" ><div id=\"panel-217-17-0-0\" class=\"so-panel widget widget_text panel-first-child panel-last-child\" data-index=\"17\" ><div class=\"panel-widget-style panel-widget-style-for-217-17-0-0\" >\t\t\t<div class=\"textwidget\"><div class=\"listings wpbdp-listings-list list\">\n<div id=\"wpbdp-listing-312\"\n     class=\"wpbdp-listing wpbdp-excerpt excerpt wpbdp-listing-excerpt wpbdp-listing-312 normal  even\" data-breakpoints='{\"medium\": [560,780], \"large\": [780,999999]}' data-breakpoints-class-prefix=\"wpbdp-listing-excerpt\"><\/p>\n<div class=\"listing-title\">\n    <a href=\"http:\/\/www.gewerbe-boltigen.ch\/html\/branchenverzeichnis\/312\/garage-theo-matti\" target=\"_self\" >Garage Theo Matti<\/a><\/div>\n<div class=\"excerpt-content\">\n<div class=\"listing-details\">\n<div class=\"wpbdp-field-display wpbdp-field wpbdp-field-value field-display field-value wpbdp-field-web wpbdp-field-meta wpbdp-field-type-url wpbdp-field-association-meta  \" ><label>Web:<\/label> <span class=\"value\"><a href=\"http:\/\/www.auto-matti.ch\" rel=\"\" target=\"_blank\" title=\"www.auto-matti.ch\">www.auto-matti.ch<\/a><\/span><\/div>\n<div class=\"wpbdp-field-display wpbdp-field wpbdp-field-value field-display field-value wpbdp-field-telefon wpbdp-field-meta wpbdp-field-type-textfield wpbdp-field-association-meta  \" ><label>Telefon:<\/label> <span class=\"value\">033 773 77 77<\/span><\/div>\n<div class=\"wpbdp-field-display wpbdp-field wpbdp-field-value field-display field-value wpbdp-field-branche wpbdp-field-category wpbdp-field-type-select wpbdp-field-association-category  \" ><label>Branche:<\/label> <span class=\"value\"><a href=\"http:\/\/www.gewerbe-boltigen.ch\/html\/dienstleistung\/garagenfahrzeuge\/\" rel=\"tag\">Garagen\/Fahrzeuge<\/a><\/span><\/div>\n<\/p><\/div>\n<\/div>\n<div class=\"listing-actions cf\">\n<a class=\"wpbdp-button button view-listing\" style=\"padding: 5px 10px; font-size: 11px; text-decoration: underline; background-color: #e6e6e6; color: #7c7c7c; border: 1px solid #d2d2d2; border-radius: 3px; box-shadow: 0 1px 2px rgba(64,64,64,0.1); margin-right: 3px;\" href=\"http:\/\/www.gewerbe-boltigen.ch\/html\/branchenverzeichnis\/312\/garage-theo-matti\" >Anschauen<\/a><\/div>\n<\/div>\n<\/div>\n<\/div>\n\t\t<\/div><\/div><\/div><\/div><\/div><div id=\"pg-217-18\"  class=\"panel-grid panel-has-style\" ><div class=\"panel-row-style panel-row-style-for-217-18\" ><div id=\"pgc-217-18-0\"  class=\"panel-grid-cell\" ><div id=\"panel-217-18-0-0\" class=\"so-panel widget widget_text panel-first-child panel-last-child\" data-index=\"18\" >\t\t\t<div class=\"textwidget\"><div class=\"listings wpbdp-listings-list list\">\n<div id=\"wpbdp-listing-292\"\n     class=\"wpbdp-listing wpbdp-excerpt excerpt wpbdp-listing-excerpt wpbdp-listing-292 normal  even\" data-breakpoints='{\"medium\": [560,780], \"large\": [780,999999]}' data-breakpoints-class-prefix=\"wpbdp-listing-excerpt\"><\/p>\n<div class=\"listing-title\">\n    <a href=\"http:\/\/www.gewerbe-boltigen.ch\/html\/branchenverzeichnis\/292\/gempeler-forst-baggerbetrieb\" target=\"_self\" >Gempeler Forst- &#038; Baggerbetrieb<\/a><\/div>\n<div class=\"excerpt-content\">\n<div class=\"listing-details\">\n<div class=\"wpbdp-field-display wpbdp-field wpbdp-field-value field-display field-value wpbdp-field-telefon wpbdp-field-meta wpbdp-field-type-textfield wpbdp-field-association-meta  \" ><label>Telefon:<\/label> <span class=\"value\">033 773 66 83<\/span><\/div>\n<div class=\"wpbdp-field-display wpbdp-field wpbdp-field-value field-display field-value wpbdp-field-branche wpbdp-field-category wpbdp-field-type-select wpbdp-field-association-category  \" ><label>Branche:<\/label> <span class=\"value\"><a href=\"http:\/\/www.gewerbe-boltigen.ch\/html\/bau\/tiefbauumgebung\/\" rel=\"tag\">Tiefbau\/Umgebung<\/a>, <a href=\"http:\/\/www.gewerbe-boltigen.ch\/html\/branchenverzeichnis\/wpbdp_category\/transport-taxi\/\" rel=\"tag\">Transporte\/Taxi<\/a><\/span><\/div>\n<\/p><\/div>\n<\/div>\n<div class=\"listing-actions cf\">\n<a class=\"wpbdp-button button view-listing\" style=\"padding: 5px 10px; font-size: 11px; text-decoration: underline; background-color: #e6e6e6; color: #7c7c7c; border: 1px solid #d2d2d2; border-radius: 3px; box-shadow: 0 1px 2px rgba(64,64,64,0.1); margin-right: 3px;\" href=\"http:\/\/www.gewerbe-boltigen.ch\/html\/branchenverzeichnis\/292\/gempeler-forst-baggerbetrieb\" >Anschauen<\/a><\/div>\n<\/div>\n<\/div>\n<\/div>\n\t\t<\/div><\/div><\/div><\/div><div id=\"pg-217-19\"  class=\"panel-grid panel-has-style\" ><div class=\"panel-row-style panel-row-style-for-217-19\" ><div id=\"pgc-217-19-0\"  class=\"panel-grid-cell\" ><div id=\"panel-217-19-0-0\" class=\"so-panel widget widget_text panel-first-child panel-last-child\" data-index=\"19\" ><div class=\"panel-widget-style panel-widget-style-for-217-19-0-0\" >\t\t\t<div class=\"textwidget\"><div class=\"listings wpbdp-listings-list list\">\n<div id=\"wpbdp-listing-298\"\n     class=\"wpbdp-listing wpbdp-excerpt excerpt wpbdp-listing-excerpt wpbdp-listing-298 normal  odd\" data-breakpoints='{\"medium\": [560,780], \"large\": [780,999999]}' data-breakpoints-class-prefix=\"wpbdp-listing-excerpt\"><\/p>\n<div class=\"listing-title\">\n    <a href=\"http:\/\/www.gewerbe-boltigen.ch\/html\/branchenverzeichnis\/298\/ginggen-transporte-gmbh\" target=\"_self\" >Ginggen Transporte GmbH<\/a><\/div>\n<div class=\"excerpt-content\">\n<div class=\"listing-details\">\n<div class=\"wpbdp-field-display wpbdp-field wpbdp-field-value field-display field-value wpbdp-field-web wpbdp-field-meta wpbdp-field-type-url wpbdp-field-association-meta  \" ><label>Web:<\/label> <span class=\"value\"><a href=\"http:\/\/www.ginggentrans.ch\" rel=\"\" target=\"_blank\" title=\"www.ginggentrans.ch\">www.ginggentrans.ch<\/a><\/span><\/div>\n<div class=\"wpbdp-field-display wpbdp-field wpbdp-field-value field-display field-value wpbdp-field-telefon wpbdp-field-meta wpbdp-field-type-textfield wpbdp-field-association-meta  \" ><label>Telefon:<\/label> <span class=\"value\">033 722 23 72<\/span><\/div>\n<div class=\"wpbdp-field-display wpbdp-field wpbdp-field-value field-display field-value wpbdp-field-branche wpbdp-field-category wpbdp-field-type-select wpbdp-field-association-category  \" ><label>Branche:<\/label> <span class=\"value\"><a href=\"http:\/\/www.gewerbe-boltigen.ch\/html\/dienstleistung\/transporttaxi\/\" rel=\"tag\">Transporte\/Taxi<\/a><\/span><\/div>\n<\/p><\/div>\n<\/div>\n<div class=\"listing-actions cf\">\n<a class=\"wpbdp-button button view-listing\" style=\"padding: 5px 10px; font-size: 11px; text-decoration: underline; background-color: #e6e6e6; color: #7c7c7c; border: 1px solid #d2d2d2; border-radius: 3px; box-shadow: 0 1px 2px rgba(64,64,64,0.1); margin-right: 3px;\" href=\"http:\/\/www.gewerbe-boltigen.ch\/html\/branchenverzeichnis\/298\/ginggen-transporte-gmbh\" >Anschauen<\/a><\/div>\n<\/div>\n<\/div>\n<\/div>\n\t\t<\/div><\/div><\/div><\/div><\/div><div id=\"pg-217-20\"  class=\"panel-grid panel-has-style\" ><div class=\"panel-row-style panel-row-style-for-217-20\" ><div id=\"pgc-217-20-0\"  class=\"panel-grid-cell\" ><div id=\"panel-217-20-0-0\" class=\"so-panel widget widget_text panel-first-child panel-last-child\" data-index=\"20\" >\t\t\t<div class=\"textwidget\"><div class=\"listings wpbdp-listings-list list\">\n<div id=\"wpbdp-listing-336\"\n     class=\"wpbdp-listing wpbdp-excerpt excerpt wpbdp-listing-excerpt wpbdp-listing-336 normal  even\" data-breakpoints='{\"medium\": [560,780], \"large\": [780,999999]}' data-breakpoints-class-prefix=\"wpbdp-listing-excerpt\"><\/p>\n<div class=\"listing-title\">\n    <a href=\"http:\/\/www.gewerbe-boltigen.ch\/html\/branchenverzeichnis\/336\/gottardi-naturstein\" target=\"_self\" >Gottardi Naturstein<\/a><\/div>\n<div class=\"excerpt-content\">\n<div class=\"listing-details\">\n<div class=\"wpbdp-field-display wpbdp-field wpbdp-field-value field-display field-value wpbdp-field-web wpbdp-field-meta wpbdp-field-type-url wpbdp-field-association-meta  \" ><label>Web:<\/label> <span class=\"value\"><a href=\"http:\/\/www.gottardi-naturstein.ch\" rel=\"\" target=\"_blank\" title=\"www.gottardi-naturstein.ch\">www.gottardi-naturstein.ch<\/a><\/span><\/div>\n<div class=\"wpbdp-field-display wpbdp-field wpbdp-field-value field-display field-value wpbdp-field-telefon wpbdp-field-meta wpbdp-field-type-textfield wpbdp-field-association-meta  \" ><label>Telefon:<\/label> <span class=\"value\">079 279 62 02<\/span><\/div>\n<div class=\"wpbdp-field-display wpbdp-field wpbdp-field-value field-display field-value wpbdp-field-branche wpbdp-field-category wpbdp-field-type-select wpbdp-field-association-category  \" ><label>Branche:<\/label> <span class=\"value\"><a href=\"https:\/\/www.gewerbe-boltigen.ch\/html\/kunst-handwerk\/bildende-kunst\/\" rel=\"tag\">Bildende Kunst<\/a><\/span><\/div>\n<\/p><\/div>\n<\/div>\n<div class=\"listing-actions cf\">\n<a class=\"wpbdp-button button view-listing\" style=\"padding: 5px 10px; font-size: 11px; text-decoration: underline; background-color: #e6e6e6; color: #7c7c7c; border: 1px solid #d2d2d2; border-radius: 3px; box-shadow: 0 1px 2px rgba(64,64,64,0.1); margin-right: 3px;\" href=\"http:\/\/www.gewerbe-boltigen.ch\/html\/branchenverzeichnis\/336\/gottardi-naturstein\" >Anschauen<\/a><\/div>\n<\/div>\n<\/div>\n<\/div>\n\t\t<\/div><\/div><\/div><\/div><div id=\"pg-217-21\"  class=\"panel-grid panel-has-style\" ><div class=\"panel-row-style panel-row-style-for-217-21\" ><div id=\"pgc-217-21-0\"  class=\"panel-grid-cell\" ><div id=\"panel-217-21-0-0\" class=\"so-panel widget widget_text panel-first-child panel-last-child\" data-index=\"21\" ><div class=\"panel-widget-style panel-widget-style-for-217-21-0-0\" >\t\t\t<div class=\"textwidget\"><div class=\"listings wpbdp-listings-list list\">\n<div class=\"wpbdp-listing wpbdp-excerpt excerpt wpbdp-listing-excerpt wpbdp-listing-345 normal  even\" data-breakpoints='{\"medium\": [560,780], \"large\": [780,999999]}' data-breakpoints-class-prefix=\"wpbdp-listing-excerpt\">\n<div class=\"listing-title\" style=\"font-size:34px; color:#044f8d;\">Imobersteg Bartholome - Restaurator<\/div>\n<div class=\"excerpt-content\">\n<div class=\"listing-details\">\n        <!--\n\n<div class=\"wpbdp-field-display wpbdp-field wpbdp-field-value field-display field-value wpbdp-field-web wpbdp-field-meta wpbdp-field-type-url wpbdp-field-association-meta  \" ><label>Web:<\/label> <span class=\"value\"><a href=\"https:\/\/www.mann-baeckerei.ch\" rel=\"\" target=\"_blank\" title=\"www.mann-baeckerei.ch\">www.mann-baeckerei.ch<\/a><\/span><\/div>\n\n-->    <\/p>\n<div class=\"wpbdp-field-display wpbdp-field wpbdp-field-value field-display field-value wpbdp-field-telefon wpbdp-field-meta wpbdp-field-type-textfield wpbdp-field-association-meta  \" ><label>Telefon:<\/label> <span class=\"value\">\t078 646 96 05<\/span><\/div>\n<div class=\"wpbdp-field-display wpbdp-field wpbdp-field-value field-display field-value wpbdp-field-branche wpbdp-field-category wpbdp-field-type-select wpbdp-field-association-category  \" ><label>Branche:<\/label> <span class=\"value\">Alte Kunst, M\u00f6bel<\/span><\/div>\n<\/p><\/div>\n<\/div>\n<p>&nbsp;\n<\/div>\n<\/div>\n<\/div>\n\t\t<\/div><\/div><\/div><\/div><\/div><div id=\"pg-217-22\"  class=\"panel-grid panel-has-style\" ><div class=\"panel-row-style panel-row-style-for-217-22\" ><div id=\"pgc-217-22-0\"  class=\"panel-grid-cell\" ><div id=\"panel-217-22-0-0\" class=\"so-panel widget widget_text panel-first-child panel-last-child\" data-index=\"22\" >\t\t\t<div class=\"textwidget\"><div class=\"listings wpbdp-listings-list list\">\n<div id=\"wpbdp-listing-419\"\n     class=\"wpbdp-listing wpbdp-excerpt excerpt wpbdp-listing-excerpt wpbdp-listing-419 normal  odd\" data-breakpoints='{\"medium\": [560,780], \"large\": [780,999999]}' data-breakpoints-class-prefix=\"wpbdp-listing-excerpt\"><\/p>\n<div class=\"listing-title\">\n    <a href=\"https:\/\/www.gewerbe-boltigen.ch\/html\/branchenverzeichnis\/419\/isp-ag\/\" target=\"_self\" >ISP Electro Solutions AG<\/a><\/div>\n<div class=\"excerpt-content\">\n<div class=\"listing-thumbnail\"><a href=\"https:\/\/www.gewerbe-boltigen.ch\/html\/branchenverzeichnis\/419\/isp-ag\/\" target=\"_self\" class=\"\" title=\"\" ><img width=\"150\" height=\"75\" src=\"https:\/\/www.gewerbe-boltigen.ch\/html\/wp-content\/uploads\/logo-ISP-electro-solutions-150x75.png\" class=\"attachment-wpbdp-thumb wpbdmthumbs wpbdp-excerpt-thumbnail wpbdp-thumbnail\" alt=\"ISP Electro Solutions AG\" title=\"ISP Electro Solutions AG\" decoding=\"async\" loading=\"lazy\" srcset=\"https:\/\/www.gewerbe-boltigen.ch\/html\/wp-content\/uploads\/logo-ISP-electro-solutions-150x75.png 150w, https:\/\/www.gewerbe-boltigen.ch\/html\/wp-content\/uploads\/logo-ISP-electro-solutions.png 190w\" sizes=\"auto, (max-width: 150px) 100vw, 150px\" \/><\/a><\/div>\n<div class=\"listing-details\">\n<div class=\"wpbdp-field-display wpbdp-field wpbdp-field-value field-display field-value wpbdp-field-web wpbdp-field-meta wpbdp-field-type-url wpbdp-field-association-meta  \" ><label>Web:<\/label> <span class=\"value\"><a href=\"https:\/\/www.ispag.ch\/de\/standort-st-stephan\" rel=\"\" target=\"_blank\" title=\"www.ispag.ch\">www.ispag.ch<\/a><\/span><\/div>\n<div class=\"wpbdp-field-display wpbdp-field wpbdp-field-value field-display field-value wpbdp-field-telefon wpbdp-field-meta wpbdp-field-type-textfield wpbdp-field-association-meta  \" ><label>Telefon:<\/label> <span class=\"value\">033 722 13 63<\/span><\/div>\n<div class=\"wpbdp-field-display wpbdp-field wpbdp-field-value field-display field-value wpbdp-field-branche wpbdp-field-category wpbdp-field-type-select wpbdp-field-association-category  \" ><label>Branche:<\/label> <span class=\"value\"><a href=\"https:\/\/www.gewerbe-boltigen.ch\/html\/bau\/installation\/\" rel=\"tag\">Installation<\/a><\/span><\/div>\n<\/p><\/div>\n<\/div>\n<div class=\"listing-actions cf\">\n<a class=\"wpbdp-button button view-listing\" style=\"padding: 5px 10px; font-size: 11px; text-decoration: underline; background-color: #e6e6e6; color: #7c7c7c; border: 1px solid #d2d2d2; border-radius: 3px; box-shadow: 0 1px 2px rgba(64,64,64,0.1); margin-right: 3px;\" href=\"http:\/\/www.gewerbe-boltigen.ch\/html\/branchenverzeichnis\/419\/isp-ag\" >Anschauen<\/a><\/div>\n<\/div>\n<\/div>\n<\/div>\n\t\t<\/div><\/div><\/div><\/div><div id=\"pg-217-23\"  class=\"panel-grid panel-has-style\" ><div class=\"panel-row-style panel-row-style-for-217-23\" ><div id=\"pgc-217-23-0\"  class=\"panel-grid-cell\" ><div id=\"panel-217-23-0-0\" class=\"so-panel widget widget_text panel-first-child panel-last-child\" data-index=\"23\" ><div class=\"panel-widget-style panel-widget-style-for-217-23-0-0\" >\t\t\t<div class=\"textwidget\"><div id=\"wpbdp-listing-317\"\n     class=\"wpbdp-listing wpbdp-excerpt excerpt wpbdp-listing-excerpt wpbdp-listing-317 normal  even\" data-breakpoints='{\"medium\": [560,780], \"large\": [780,999999]}' data-breakpoints-class-prefix=\"wpbdp-listing-excerpt\"><\/p>\n<div class=\"listing-title\">\n    <a href=\"http:\/\/www.gewerbe-boltigen.ch\/html\/branchenverzeichnis\/317\/meinen-ag\" target=\"_self\" >Meinen AG<\/a><\/div>\n<div class=\"excerpt-content\">\n<div class=\"listing-thumbnail\"><a href=\"https:\/\/www.gewerbe-boltigen.ch\/html\/branchenverzeichnis\/317\/meinen-ag\/\" target=\"_self\" class=\"\" title=\"\" ><img width=\"150\" height=\"61\" src=\"https:\/\/www.gewerbe-boltigen.ch\/html\/wp-content\/uploads\/klaus-meinen-logo-150x61.jpg\" class=\"attachment-wpbdp-thumb wpbdmthumbs wpbdp-excerpt-thumbnail wpbdp-thumbnail\" alt=\"Meinen AG\" title=\"Meinen AG\" decoding=\"async\" loading=\"lazy\" srcset=\"https:\/\/www.gewerbe-boltigen.ch\/html\/wp-content\/uploads\/klaus-meinen-logo-150x61.jpg 150w, https:\/\/www.gewerbe-boltigen.ch\/html\/wp-content\/uploads\/klaus-meinen-logo-300x121.jpg 300w, https:\/\/www.gewerbe-boltigen.ch\/html\/wp-content\/uploads\/klaus-meinen-logo-500x202.jpg 500w, https:\/\/www.gewerbe-boltigen.ch\/html\/wp-content\/uploads\/klaus-meinen-logo.jpg 600w\" sizes=\"auto, (max-width: 150px) 100vw, 150px\" \/><\/a><\/div>\n<div class=\"listing-details\">\n<div class=\"wpbdp-field-display wpbdp-field wpbdp-field-value field-display field-value wpbdp-field-telefon wpbdp-field-meta wpbdp-field-type-textfield wpbdp-field-association-meta  \" ><label>Telefon:<\/label> <span class=\"value\">033 773 64 77<\/span><\/div>\n<div class=\"wpbdp-field-display wpbdp-field wpbdp-field-value field-display field-value wpbdp-field-branche wpbdp-field-category wpbdp-field-type-select wpbdp-field-association-category  \" ><label>Branche:<\/label> <span class=\"value\"><a href=\"https:\/\/www.gewerbe-boltigen.ch\/html\/bau\/innenausbau\/malerei\/\" rel=\"tag\">Malerei<\/a>, <a href=\"https:\/\/www.gewerbe-boltigen.ch\/html\/bau\/rohbau\/malereigeruestbau\/\" rel=\"tag\">Malerei\/Ger\u00fcstbau<\/a><\/span><\/div>\n<\/p><\/div>\n<div class=\"listing-actions cf\">\n<a class=\"wpbdp-button button view-listing\" style=\"padding: 5px 10px; font-size: 11px; text-decoration: underline; background-color: #e6e6e6; color: #7c7c7c; border: 1px solid #d2d2d2; border-radius: 3px; box-shadow: 0 1px 2px rgba(64,64,64,0.1); margin-right: 3px;\" href=\"http:\/\/www.gewerbe-boltigen.ch\/html\/branchenverzeichnis\/317\/meinen-ag\" >Anschauen<\/a><\/div>\n<\/div>\n<\/div>\n<\/div>\n\t\t<\/div><\/div><\/div><\/div><\/div><div id=\"pg-217-24\"  class=\"panel-grid panel-has-style\" ><div class=\"panel-row-style panel-row-style-for-217-24\" ><div id=\"pgc-217-24-0\"  class=\"panel-grid-cell\" ><div id=\"panel-217-24-0-0\" class=\"so-panel widget widget_text panel-first-child panel-last-child\" data-index=\"24\" ><div class=\"panel-widget-style panel-widget-style-for-217-24-0-0\" >\t\t\t<div class=\"textwidget\"><div class=\"listings wpbdp-listings-list list\">\n<div id=\"wpbdp-listing-1624\"\n     class=\"wpbdp-listing wpbdp-excerpt excerpt wpbdp-listing-excerpt wpbdp-listing-1624 normal  odd\" data-breakpoints='{\"medium\": [560,780], \"large\": [780,999999]}' data-breakpoints-class-prefix=\"wpbdp-listing-excerpt\"><\/p>\n<div class=\"listing-title\">\n    <a href=\"http:\/\/www.gewerbe-boltigen.ch\/html\/branchenverzeichnis\/1624\/mountain-performance-klg\/\" target=\"_self\" >Mountain Performance KLG<\/a><\/div>\n<div class=\"excerpt-content\">\n<div class=\"listing-thumbnail\"><a href=\"https:\/\/www.gewerbe-boltigen.ch\/html\/branchenverzeichnis\/1624\/mountain-performance-klg\/\" target=\"_self\" class=\"\" title=\"\" ><img width=\"150\" height=\"35\" src=\"https:\/\/www.gewerbe-boltigen.ch\/html\/wp-content\/uploads\/Logo_Mountain_Performance-JPEG-150x35.jpg\" class=\"attachment-wpbdp-thumb wpbdmthumbs wpbdp-excerpt-thumbnail wpbdp-thumbnail\" alt=\"Mountain Performance KLG\" title=\"Mountain Performance KLG\" decoding=\"async\" loading=\"lazy\" srcset=\"https:\/\/www.gewerbe-boltigen.ch\/html\/wp-content\/uploads\/Logo_Mountain_Performance-JPEG-150x35.jpg 150w, https:\/\/www.gewerbe-boltigen.ch\/html\/wp-content\/uploads\/Logo_Mountain_Performance-JPEG-300x70.jpg 300w, https:\/\/www.gewerbe-boltigen.ch\/html\/wp-content\/uploads\/Logo_Mountain_Performance-JPEG-1024x239.jpg 1024w, https:\/\/www.gewerbe-boltigen.ch\/html\/wp-content\/uploads\/Logo_Mountain_Performance-JPEG-768x179.jpg 768w, https:\/\/www.gewerbe-boltigen.ch\/html\/wp-content\/uploads\/Logo_Mountain_Performance-JPEG-1536x358.jpg 1536w, https:\/\/www.gewerbe-boltigen.ch\/html\/wp-content\/uploads\/Logo_Mountain_Performance-JPEG-2048x478.jpg 2048w, https:\/\/www.gewerbe-boltigen.ch\/html\/wp-content\/uploads\/Logo_Mountain_Performance-JPEG-676x158.jpg 676w, https:\/\/www.gewerbe-boltigen.ch\/html\/wp-content\/uploads\/Logo_Mountain_Performance-JPEG-500x117.jpg 500w\" sizes=\"auto, (max-width: 150px) 100vw, 150px\" \/><\/a><\/div>\n<div class=\"listing-details\">\n<div class=\"wpbdp-field-display wpbdp-field wpbdp-field-value field-display field-value wpbdp-field-telefon wpbdp-field-meta wpbdp-field-type-textfield wpbdp-field-association-meta  \" ><label>Telefon:<\/label> <span class=\"value\">079 563 43 80<\/span><\/div>\n<div class=\"wpbdp-field-display wpbdp-field wpbdp-field-value field-display field-value wpbdp-field-branche wpbdp-field-category wpbdp-field-type-select wpbdp-field-association-category  \" ><label>Branche:<\/label> <span class=\"value\"><a href=\"http:\/\/www.gewerbe-boltigen.ch\/html\/dienstleistung\/garagenfahrzeuge\/\" rel=\"tag\">Garagen\/Fahrzeuge<\/a><\/span><\/div>\n<\/p><\/div>\n<\/div>\n<div class=\"listing-actions cf\">\n<a class=\"wpbdp-button button view-listing\" style=\"padding: 5px 10px; font-size: 11px; text-decoration: underline; background-color: #e6e6e6; color: #7c7c7c; border: 1px solid #d2d2d2; border-radius: 3px; box-shadow: 0 1px 2px rgba(64,64,64,0.1); margin-right: 3px;\" href=\"http:\/\/www.gewerbe-boltigen.ch\/html\/branchenverzeichnis\/1624\/mountain-performance-klg\/\" >Anschauen<\/a><\/div>\n<\/div>\n<\/div>\n<\/div>\n\t\t<\/div><\/div><\/div><\/div><\/div><div id=\"pg-217-25\"  class=\"panel-grid panel-has-style\" ><div class=\"panel-row-style panel-row-style-for-217-25\" ><div id=\"pgc-217-25-0\"  class=\"panel-grid-cell\" ><div id=\"panel-217-25-0-0\" class=\"so-panel widget widget_text panel-first-child panel-last-child\" data-index=\"25\" ><div class=\"panel-widget-style panel-widget-style-for-217-25-0-0\" >\t\t\t<div class=\"textwidget\"><div class=\"listings wpbdp-listings-list list\">\n<div class=\"wpbdp-listing wpbdp-excerpt excerpt wpbdp-listing-excerpt wpbdp-listing-345 normal  even\" data-breakpoints='{\"medium\": [560,780], \"large\": [780,999999]}' data-breakpoints-class-prefix=\"wpbdp-listing-excerpt\">\n<div class=\"listing-title\" style=\"font-size:34px; color:#044f8d;\">Niederhauser J\u00fcrg - Holzbau<\/div>\n<div class=\"excerpt-content\">\n<div class=\"listing-details\">\n        <!--\n\n<div class=\"wpbdp-field-display wpbdp-field wpbdp-field-value field-display field-value wpbdp-field-web wpbdp-field-meta wpbdp-field-type-url wpbdp-field-association-meta  \" ><label>Web:<\/label> <span class=\"value\"><a href=\"https:\/\/www.mann-baeckerei.ch\" rel=\"\" target=\"_blank\" title=\"www.mann-baeckerei.ch\">www.mann-baeckerei.ch<\/a><\/span><\/div>\n\n -->   <\/p>\n<div class=\"wpbdp-field-display wpbdp-field wpbdp-field-value field-display field-value wpbdp-field-telefon wpbdp-field-meta wpbdp-field-type-textfield wpbdp-field-association-meta  \" ><label>Telefon:<\/label> <span class=\"value\">079 455 75 55<\/span><\/div>\n<div class=\"wpbdp-field-display wpbdp-field wpbdp-field-value field-display field-value wpbdp-field-branche wpbdp-field-category wpbdp-field-type-select wpbdp-field-association-category  \" ><label>Branche:<\/label> <span class=\"value\">Holzbau, Schreinerei<\/span><\/div>\n<\/p><\/div>\n<\/div>\n<p>&nbsp;\n<\/div>\n<\/div>\n<\/div>\n\t\t<\/div><\/div><\/div><\/div><\/div><div id=\"pg-217-26\"  class=\"panel-grid panel-has-style\" ><div class=\"panel-row-style panel-row-style-for-217-26\" ><div id=\"pgc-217-26-0\"  class=\"panel-grid-cell\" ><div id=\"panel-217-26-0-0\" class=\"so-panel widget widget_text panel-first-child panel-last-child\" data-index=\"26\" ><div class=\"panel-widget-style panel-widget-style-for-217-26-0-0\" >\t\t\t<div class=\"textwidget\"><div class=\"listings wpbdp-listings-list list\">\n<div id=\"wpbdp-listing-305\"\n     class=\"wpbdp-listing wpbdp-excerpt excerpt wpbdp-listing-excerpt wpbdp-listing-305 normal  odd\" data-breakpoints='{\"medium\": [560,780], \"large\": [780,999999]}' data-breakpoints-class-prefix=\"wpbdp-listing-excerpt\"><\/p>\n<div class=\"listing-title\">\n    <a href=\"http:\/\/www.gewerbe-boltigen.ch\/html\/branchenverzeichnis\/305\/raiffeisenbank-obersimmental\" target=\"_self\" >Raiffeisenbank Obersimmental-Sannenland<\/a><\/div>\n<div class=\"excerpt-content\">\n<div class=\"listing-thumbnail\"><a href=\"http:\/\/www.gewerbe-boltigen.ch\/html\/branchenverzeichnis\/305\/raiffeisenbank-obersimmental\" target=\"_self\" class=\"\" ><img loading=\"lazy\" decoding=\"async\" width=\"138\" height=\"20\" src=\"http:\/\/www.gewerbe-boltigen.ch\/html\/wp-content\/uploads\/2016\/11\/raiffeisen-logo.jpg\" class=\"wpbdp-thumbnail attachment-wpbdp-thumb wpbdmthumbs wpbdp-excerpt-thumbnail\" alt=\"Raiffeisenbank Obersimmental-Sannenland\" title=\"Raiffeisenbank Obersimmental-Sannenland\" \/><\/a><\/div>\n<div class=\"listing-details\">\n<div class=\"wpbdp-field-display wpbdp-field wpbdp-field-value field-display field-value wpbdp-field-web wpbdp-field-meta wpbdp-field-type-url wpbdp-field-association-meta  \" ><label>Web:<\/label> <span class=\"value\"><a href=\"http:\/\/www.raiffeisen.ch\/obersimmental-saanenland\" rel=\"\" target=\"_blank\" title=\"www.raiffeisen.ch\/obersimmental-saanenland\">www.raiffeisen.ch\/obersimmental-saanenland<\/a><\/span><\/div>\n<div class=\"wpbdp-field-display wpbdp-field wpbdp-field-value field-display field-value wpbdp-field-telefon wpbdp-field-meta wpbdp-field-type-textfield wpbdp-field-association-meta  \" ><label>Telefon:<\/label> <span class=\"value\">033 729 12 70<\/span><\/div>\n<div class=\"wpbdp-field-display wpbdp-field wpbdp-field-value field-display field-value wpbdp-field-branche wpbdp-field-category wpbdp-field-type-select wpbdp-field-association-category  \" ><label>Branche:<\/label> <span class=\"value\"><a href=\"https:\/\/www.gewerbe-boltigen.ch\/html\/dienstleistung\/versicherungbank\/\" rel=\"tag\">Versicherung\/Bank<\/a><\/span><\/div>\n<\/p><\/div>\n<\/div>\n<div class=\"listing-actions cf\">\n<a class=\"wpbdp-button button view-listing\" style=\"padding: 5px 10px; font-size: 11px; text-decoration: underline; background-color: #e6e6e6; color: #7c7c7c; border: 1px solid #d2d2d2; border-radius: 3px; box-shadow: 0 1px 2px rgba(64,64,64,0.1); margin-right: 3px;\" href=\"http:\/\/www.gewerbe-boltigen.ch\/html\/branchenverzeichnis\/305\/raiffeisenbank-obersimmental\" >Anschauen<\/a><\/div>\n<\/div>\n<\/div>\n<\/div>\n\t\t<\/div><\/div><\/div><\/div><\/div><div id=\"pg-217-27\"  class=\"panel-grid panel-has-style\" ><div class=\"panel-row-style panel-row-style-for-217-27\" ><div id=\"pgc-217-27-0\"  class=\"panel-grid-cell\" ><div id=\"panel-217-27-0-0\" class=\"so-panel widget widget_text panel-first-child panel-last-child\" data-index=\"27\" ><div class=\"panel-widget-style panel-widget-style-for-217-27-0-0\" >\t\t\t<div class=\"textwidget\"><div class=\"listings wpbdp-listings-list list\">\n<div id=\"wpbdp-listing-284\"\n     class=\"wpbdp-listing wpbdp-excerpt excerpt wpbdp-listing-excerpt wpbdp-listing-284 normal  odd\" data-breakpoints='{\"medium\": [560,780], \"large\": [780,999999]}' data-breakpoints-class-prefix=\"wpbdp-listing-excerpt\"><\/p>\n<div class=\"listing-title\">\n    <a href=\"http:\/\/www.gewerbe-boltigen.ch\/html\/branchenverzeichnis\/284\/riesen-haustechnik-ag\" target=\"_self\" >Riesen Haustechnik AG<\/a><\/div>\n<div class=\"excerpt-content\">\n<div class=\"listing-thumbnail\"><a href=\"https:\/\/www.gewerbe-boltigen.ch\/html\/branchenverzeichnis\/284\/riesen-haustechnik-ag\/\" target=\"_self\" class=\"\" title=\"\" ><img width=\"150\" height=\"53\" src=\"https:\/\/www.gewerbe-boltigen.ch\/html\/wp-content\/uploads\/Riesen-Haustechnik-Logo-150x53.jpg\" class=\"attachment-wpbdp-thumb wpbdmthumbs wpbdp-excerpt-thumbnail wpbdp-thumbnail\" alt=\"Riesen Haustechnik AG\" title=\"Riesen Haustechnik AG\" decoding=\"async\" loading=\"lazy\" srcset=\"https:\/\/www.gewerbe-boltigen.ch\/html\/wp-content\/uploads\/Riesen-Haustechnik-Logo-150x53.jpg 150w, https:\/\/www.gewerbe-boltigen.ch\/html\/wp-content\/uploads\/Riesen-Haustechnik-Logo-300x106.jpg 300w, https:\/\/www.gewerbe-boltigen.ch\/html\/wp-content\/uploads\/Riesen-Haustechnik-Logo-768x271.jpg 768w, https:\/\/www.gewerbe-boltigen.ch\/html\/wp-content\/uploads\/Riesen-Haustechnik-Logo-676x238.jpg 676w, https:\/\/www.gewerbe-boltigen.ch\/html\/wp-content\/uploads\/Riesen-Haustechnik-Logo-500x176.jpg 500w, https:\/\/www.gewerbe-boltigen.ch\/html\/wp-content\/uploads\/Riesen-Haustechnik-Logo.jpg 1004w\" sizes=\"auto, (max-width: 150px) 100vw, 150px\" \/><\/a><\/div>\n<div class=\"listing-details\">\n<div class=\"wpbdp-field-display wpbdp-field wpbdp-field-value field-display field-value wpbdp-field-web wpbdp-field-meta wpbdp-field-type-url wpbdp-field-association-meta  \" ><label>Web:<\/label> <span class=\"value\"><a href=\"http:\/\/www.von-muehlenen.ch\" rel=\"\" target=\"_blank\" title=\"www.von-muehlenen.ch\">www.von-muehlenen.ch<\/a><\/span><\/div>\n<div class=\"wpbdp-field-display wpbdp-field wpbdp-field-value field-display field-value wpbdp-field-telefon wpbdp-field-meta wpbdp-field-type-textfield wpbdp-field-association-meta  \" ><label>Telefon:<\/label> <span class=\"value\">033 773 69 06<\/span><\/div>\n<div class=\"wpbdp-field-display wpbdp-field wpbdp-field-value field-display field-value wpbdp-field-branche wpbdp-field-category wpbdp-field-type-select wpbdp-field-association-category  \" ><label>Branche:<\/label> <span class=\"value\"><a href=\"https:\/\/www.gewerbe-boltigen.ch\/html\/bau\/installation\/\" rel=\"tag\">Installation<\/a>, <a href=\"https:\/\/www.gewerbe-boltigen.ch\/html\/bau\/rohbau\/spenglerblitzschutz\/\" rel=\"tag\">Spengler\/Blitzschutz<\/a><\/span><\/div>\n<\/p><\/div>\n<\/div>\n<div class=\"listing-actions cf\">\n<a class=\"wpbdp-button button view-listing\" style=\"padding: 5px 10px; font-size: 11px; text-decoration: underline; background-color: #e6e6e6; color: #7c7c7c; border: 1px solid #d2d2d2; border-radius: 3px; box-shadow: 0 1px 2px rgba(64,64,64,0.1); margin-right: 3px;\" href=\"http:\/\/www.gewerbe-boltigen.ch\/html\/branchenverzeichnis\/284\/riesen-haustechnik-ag\" >Anschauen<\/a><\/div>\n<\/div>\n<\/div>\n<\/div>\n\t\t<\/div><\/div><\/div><\/div><\/div><div id=\"pg-217-28\"  class=\"panel-grid panel-no-style\" ><div id=\"pgc-217-28-0\"  class=\"panel-grid-cell\" ><div id=\"panel-217-28-0-0\" class=\"so-panel widget widget_text panel-first-child panel-last-child\" data-index=\"28\" ><div class=\"panel-widget-style panel-widget-style-for-217-28-0-0\" >\t\t\t<div class=\"textwidget\"><div class=\"listings wpbdp-listings-list list\">\n<div id=\"wpbdp-listing-344\"\n     class=\"wpbdp-listing wpbdp-excerpt excerpt wpbdp-listing-excerpt wpbdp-listing-344 normal  even\" data-breakpoints='{\"medium\": [560,780], \"large\": [780,999999]}' data-breakpoints-class-prefix=\"wpbdp-listing-excerpt\"><\/p>\n<div class=\"listing-title\">\n   <a href=\"https:\/\/www.gewerbe-boltigen.ch\/html\/branchenverzeichnis\/344\/roesti-bau-ag\/\" target=\"_self\" >R\u00f6sti Bau AG<\/a>\n<\/div>\n<div class=\"excerpt-content wpbdp-hide-title\">\n<div class=\"listing-thumbnail\"><a href=\"https:\/\/www.gewerbe-boltigen.ch\/html\/branchenverzeichnis\/344\/roesti-bau-ag\/\" target=\"_self\" class=\"\" title=\"\" ><img width=\"150\" height=\"57\" src=\"https:\/\/www.gewerbe-boltigen.ch\/html\/wp-content\/uploads\/R\u00f6sti-Bau-AG-Logo-150x57.jpg\" class=\"attachment-wpbdp-thumb wpbdmthumbs wpbdp-excerpt-thumbnail wpbdp-thumbnail\" alt=\"R\u00f6sti Bau AG\" title=\"R\u00f6sti Bau AG\" decoding=\"async\" loading=\"lazy\" srcset=\"https:\/\/www.gewerbe-boltigen.ch\/html\/wp-content\/uploads\/R\u00f6sti-Bau-AG-Logo-150x57.jpg 150w, https:\/\/www.gewerbe-boltigen.ch\/html\/wp-content\/uploads\/R\u00f6sti-Bau-AG-Logo-300x114.jpg 300w, https:\/\/www.gewerbe-boltigen.ch\/html\/wp-content\/uploads\/R\u00f6sti-Bau-AG-Logo-768x291.jpg 768w, https:\/\/www.gewerbe-boltigen.ch\/html\/wp-content\/uploads\/R\u00f6sti-Bau-AG-Logo-1024x388.jpg 1024w, https:\/\/www.gewerbe-boltigen.ch\/html\/wp-content\/uploads\/R\u00f6sti-Bau-AG-Logo-676x256.jpg 676w, https:\/\/www.gewerbe-boltigen.ch\/html\/wp-content\/uploads\/R\u00f6sti-Bau-AG-Logo-500x190.jpg 500w, https:\/\/www.gewerbe-boltigen.ch\/html\/wp-content\/uploads\/R\u00f6sti-Bau-AG-Logo.jpg 1498w\" sizes=\"auto, (max-width: 150px) 100vw, 150px\" \/><\/a><\/div>\n<div class=\"listing-details\">\n<div class=\"wpbdp-field-display wpbdp-field wpbdp-field-value field-display field-value wpbdp-field-web wpbdp-field-meta wpbdp-field-type-url wpbdp-field-association-meta  \" ><label>Web:<\/label> <span class=\"value\"><a href=\"http:\/\/www.roestibau.ch\" rel=\"\" target=\"_blank\" title=\"www.roestibau.ch\">www.roestibau.ch<\/a><\/span><\/div>\n<div class=\"wpbdp-field-display wpbdp-field wpbdp-field-value field-display field-value wpbdp-field-telefon wpbdp-field-meta wpbdp-field-type-textfield wpbdp-field-association-meta  \" ><label>Telefon:<\/label> <span class=\"value\">033 773 64 25<\/span><\/div>\n<div class=\"wpbdp-field-display wpbdp-field wpbdp-field-value field-display field-value wpbdp-field-branche wpbdp-field-category wpbdp-field-type-select wpbdp-field-association-category  \" ><label>Branche:<\/label> <span class=\"value\"><a href=\"https:\/\/www.gewerbe-boltigen.ch\/html\/bau\/baudienstleistung\/\" rel=\"tag\">Baudienstleistung<\/a>, <a href=\"https:\/\/www.gewerbe-boltigen.ch\/html\/bau\/rohbau\/baumeister\/\" rel=\"tag\">Baumeister<\/a>, <a href=\"https:\/\/www.gewerbe-boltigen.ch\/html\/bau\/innenausbau\/boeden\/\" rel=\"tag\">B\u00f6den<\/a>, <a href=\"https:\/\/www.gewerbe-boltigen.ch\/html\/bau\/rohbau\/fassaden\/\" rel=\"tag\">Fassaden<\/a>, <a href=\"https:\/\/www.gewerbe-boltigen.ch\/html\/bau\/tiefbauumgebung\/\" rel=\"tag\">Tiefbau\/Umgebung<\/a><\/span><\/div>\n<\/p><\/div>\n<\/div>\n<div class=\"listing-actions cf\">\n<a class=\"wpbdp-button button view-listing\" style=\"padding: 5px 10px; font-size: 11px; text-decoration: underline; background-color: #e6e6e6; color: #7c7c7c; border: 1px solid #d2d2d2; border-radius: 3px; box-shadow: 0 1px 2px rgba(64,64,64,0.1); margin-right: 3px;\" href=\"http:\/\/www.gewerbe-boltigen.ch\/html\/branchenverzeichnis\/344\/roesti-bau-ag\" >Anschauen<\/a><\/div>\n<\/div>\n<\/div>\n<\/div>\n\t\t<\/div><\/div><\/div><\/div><div id=\"pg-217-29\"  class=\"panel-grid panel-has-style\" ><div class=\"panel-row-style panel-row-style-for-217-29\" ><div id=\"pgc-217-29-0\"  class=\"panel-grid-cell\" ><div id=\"panel-217-29-0-0\" class=\"so-panel widget widget_text panel-first-child panel-last-child\" data-index=\"29\" ><div class=\"panel-widget-style panel-widget-style-for-217-29-0-0\" >\t\t\t<div class=\"textwidget\"><div class=\"listings wpbdp-listings-list list\">\n<div id=\"wpbdp-listing-331\"\n     class=\"wpbdp-listing wpbdp-excerpt excerpt wpbdp-listing-excerpt wpbdp-listing-331 normal  even\" data-breakpoints='{\"medium\": [560,780], \"large\": [780,999999]}' data-breakpoints-class-prefix=\"wpbdp-listing-excerpt\"><\/p>\n<div class=\"listing-title\">\n    <a href=\"http:\/\/www.gewerbe-boltigen.ch\/html\/branchenverzeichnis\/331\/schlosserei-metallbau-teuscher\" target=\"_self\" >Schlosserei Metallbau Teuscher<\/a><\/div>\n<div class=\"excerpt-content\">\n<div class=\"listing-thumbnail\"><a href=\"http:\/\/www.gewerbe-boltigen.ch\/html\/branchenverzeichnis\/331\/schlosserei-metallbau-teuscher\" target=\"_self\" class=\"\" ><img loading=\"lazy\" decoding=\"async\" width=\"104\" height=\"100\" src=\"http:\/\/www.gewerbe-boltigen.ch\/html\/wp-content\/uploads\/Hans-Teuscher-Logo-500x497.jpg\" class=\"wpbdp-thumbnail attachment-wpbdp-thumb wpbdmthumbs wpbdp-excerpt-thumbnail\" alt=\"Schlosserei Metallbau Teuscher\" title=\"Schlosserei Metallbau Teuscher\" \/><\/a><\/div>\n<div class=\"listing-details\">\n<div class=\"wpbdp-field-display wpbdp-field wpbdp-field-value field-display field-value wpbdp-field-web wpbdp-field-meta wpbdp-field-type-url wpbdp-field-association-meta  \" ><label>Web:<\/label> <span class=\"value\"><a href=\"http:\/\/www.te-bo.ch\" rel=\"\" target=\"_blank\" title=\"www.te-bo.ch\">www.te-bo.ch<\/a><\/span><\/div>\n<div class=\"wpbdp-field-display wpbdp-field wpbdp-field-value field-display field-value wpbdp-field-telefon wpbdp-field-meta wpbdp-field-type-textfield wpbdp-field-association-meta  \" ><label>Telefon:<\/label> <span class=\"value\">033 773 65 75<\/span><\/div>\n<div class=\"wpbdp-field-display wpbdp-field wpbdp-field-value field-display field-value wpbdp-field-branche wpbdp-field-category wpbdp-field-type-select wpbdp-field-association-category  \" ><label>Branche:<\/label> <span class=\"value\"><a href=\"https:\/\/www.gewerbe-boltigen.ch\/html\/kunst-handwerk\/alte-kunst\/\" rel=\"tag\">Alte Kunst<\/a>, <a href=\"https:\/\/www.gewerbe-boltigen.ch\/html\/bau\/schlosserarbeiten\/\" rel=\"tag\">Schlosserarbeiten<\/a><\/span><\/div>\n<\/p><\/div>\n<\/div>\n<div class=\"listing-actions cf\">\n<a class=\"wpbdp-button button view-listing\" style=\"padding: 5px 10px; font-size: 11px; text-decoration: underline; background-color: #e6e6e6; color: #7c7c7c; border: 1px solid #d2d2d2; border-radius: 3px; box-shadow: 0 1px 2px rgba(64,64,64,0.1); margin-right: 3px;\" href=\"http:\/\/www.gewerbe-boltigen.ch\/html\/branchenverzeichnis\/331\/schlosserei-metallbau-teuscher\" >Anschauen<\/a><\/div>\n<\/div>\n<\/div>\n<\/div>\n\t\t<\/div><\/div><\/div><\/div><\/div><div id=\"pg-217-30\"  class=\"panel-grid panel-has-style\" ><div class=\"panel-row-style panel-row-style-for-217-30\" ><div id=\"pgc-217-30-0\"  class=\"panel-grid-cell\" ><div id=\"panel-217-30-0-0\" class=\"so-panel widget widget_text panel-first-child panel-last-child\" data-index=\"30\" ><div class=\"panel-widget-style panel-widget-style-for-217-30-0-0\" >\t\t\t<div class=\"textwidget\"><div class=\"listings wpbdp-listings-list list\">\n<div id=\"wpbdp-listing-286\"\n     class=\"wpbdp-listing wpbdp-excerpt excerpt wpbdp-listing-excerpt wpbdp-listing-286 normal  even\" data-breakpoints='{\"medium\": [560,780], \"large\": [780,999999]}' data-breakpoints-class-prefix=\"wpbdp-listing-excerpt\"><\/p>\n<div class=\"listing-title\">\n    <a href=\"http:\/\/www.gewerbe-boltigen.ch\/html\/branchenverzeichnis\/286\/siwacom\" target=\"_self\" >Siwacom<\/a><\/div>\n<div class=\"excerpt-content\">\n<div class=\"listing-thumbnail\"><a href=\"https:\/\/www.gewerbe-boltigen.ch\/html\/branchenverzeichnis\/286\/siwacom\/\" target=\"_self\" class=\"\" title=\"\" ><img width=\"150\" height=\"50\" src=\"https:\/\/www.gewerbe-boltigen.ch\/html\/wp-content\/uploads\/2016\/11\/siwacom-logo-150x50.jpg\" class=\"attachment-wpbdp-thumb wpbdmthumbs wpbdp-excerpt-thumbnail wpbdp-thumbnail\" alt=\"Siwacom\" title=\"Siwacom\" decoding=\"async\" loading=\"lazy\" srcset=\"https:\/\/www.gewerbe-boltigen.ch\/html\/wp-content\/uploads\/2016\/11\/siwacom-logo-150x50.jpg 150w, https:\/\/www.gewerbe-boltigen.ch\/html\/wp-content\/uploads\/2016\/11\/siwacom-logo.jpg 210w\" sizes=\"auto, (max-width: 150px) 100vw, 150px\" \/><\/a><\/div>\n<div class=\"listing-details\">\n<div class=\"wpbdp-field-display wpbdp-field wpbdp-field-value field-display field-value wpbdp-field-web wpbdp-field-meta wpbdp-field-type-url wpbdp-field-association-meta  \" ><label>Web:<\/label> <span class=\"value\"><a href=\"http:\/\/www.siwacom.ch\" rel=\"\" target=\"_blank\" title=\"www.siwacom.ch\">www.siwacom.ch<\/a><\/span><\/div>\n<div class=\"wpbdp-field-display wpbdp-field wpbdp-field-value field-display field-value wpbdp-field-telefon wpbdp-field-meta wpbdp-field-type-textfield wpbdp-field-association-meta  \" ><label>Telefon:<\/label> <span class=\"value\">033 783 10 20<\/span><\/div>\n<div class=\"wpbdp-field-display wpbdp-field wpbdp-field-value field-display field-value wpbdp-field-branche wpbdp-field-category wpbdp-field-type-select wpbdp-field-association-category  \" ><label>Branche:<\/label> <span class=\"value\"><a href=\"http:\/\/www.gewerbe-boltigen.ch\/html\/branchenverzeichnis\/wpbdp_category\/elektrogeraete\/\" rel=\"tag\">Elektroger\u00e4te<\/a><\/span><\/div>\n<\/p><\/div>\n<\/div>\n<div class=\"listing-actions cf\">\n<a class=\"wpbdp-button button view-listing\" style=\"padding: 5px 10px; font-size: 11px; text-decoration: underline; background-color: #e6e6e6; color: #7c7c7c; border: 1px solid #d2d2d2; border-radius: 3px; box-shadow: 0 1px 2px rgba(64,64,64,0.1); margin-right: 3px;\" href=\"http:\/\/www.gewerbe-boltigen.ch\/html\/branchenverzeichnis\/286\/siwacom\" >Anschauen<\/a><\/div>\n<\/div>\n<\/div>\n<\/div>\n\t\t<\/div><\/div><\/div><\/div><\/div><div id=\"pg-217-31\"  class=\"panel-grid panel-has-style\" ><div class=\"panel-row-style panel-row-style-for-217-31\" ><div id=\"pgc-217-31-0\"  class=\"panel-grid-cell\" ><div id=\"panel-217-31-0-0\" class=\"so-panel widget widget_text panel-first-child panel-last-child\" data-index=\"31\" ><div class=\"panel-widget-style panel-widget-style-for-217-31-0-0\" >\t\t\t<div class=\"textwidget\"><div class=\"listings wpbdp-listings-list list\">\n<div id=\"wpbdp-listing-412\"\n     class=\"wpbdp-listing wpbdp-excerpt excerpt wpbdp-listing-excerpt wpbdp-listing-412 normal  odd\" data-breakpoints='{\"medium\": [560,780], \"large\": [780,999999]}' data-breakpoints-class-prefix=\"wpbdp-listing-excerpt\"><\/p>\n<div class=\"listing-title\">\n    <a href=\"http:\/\/www.gewerbe-boltigen.ch\/html\/branchenverzeichnis\/412\/sportbahnen-jaunpass-ag\" target=\"_self\" >Sportbahnen Jaunpass AG<\/a><\/div>\n<div class=\"excerpt-content\">\n<div class=\"listing-thumbnail\"><a href=\"https:\/\/www.gewerbe-boltigen.ch\/html\/branchenverzeichnis\/412\/sportbahnen-jaunpass-ag\/\" target=\"_self\" class=\"\" title=\"\" ><img width=\"150\" height=\"40\" src=\"https:\/\/www.gewerbe-boltigen.ch\/html\/wp-content\/uploads\/Logo_JP_Sportbahnen-1-150x40.jpg\" class=\"attachment-wpbdp-thumb wpbdmthumbs wpbdp-excerpt-thumbnail wpbdp-thumbnail\" alt=\"Sportbahnen Jaunpass AG\" title=\"Sportbahnen Jaunpass AG\" decoding=\"async\" loading=\"lazy\" srcset=\"https:\/\/www.gewerbe-boltigen.ch\/html\/wp-content\/uploads\/Logo_JP_Sportbahnen-1-150x40.jpg 150w, https:\/\/www.gewerbe-boltigen.ch\/html\/wp-content\/uploads\/Logo_JP_Sportbahnen-1-300x80.jpg 300w, https:\/\/www.gewerbe-boltigen.ch\/html\/wp-content\/uploads\/Logo_JP_Sportbahnen-1.jpg 500w\" sizes=\"auto, (max-width: 150px) 100vw, 150px\" \/><\/a><\/div>\n<div class=\"listing-details\">\n<div class=\"wpbdp-field-display wpbdp-field wpbdp-field-value field-display field-value wpbdp-field-web wpbdp-field-meta wpbdp-field-type-url wpbdp-field-association-meta  \" ><label>Web:<\/label> <span class=\"value\"><a href=\"http:\/\/www.sportbahnen-jaunpass.ch\" rel=\"\" target=\"_blank\" title=\"www.sportbahnen-jaunpass.ch\">www.sportbahnen-jaunpass.ch<\/a><\/span><\/div>\n<div class=\"wpbdp-field-display wpbdp-field wpbdp-field-value field-display field-value wpbdp-field-telefon wpbdp-field-meta wpbdp-field-type-textfield wpbdp-field-association-meta  \" ><label>Telefon:<\/label> <span class=\"value\">033 773 62 72<\/span><\/div>\n<div class=\"wpbdp-field-display wpbdp-field wpbdp-field-value field-display field-value wpbdp-field-branche wpbdp-field-category wpbdp-field-type-select wpbdp-field-association-category  \" ><label>Branche:<\/label> <span class=\"value\"><a href=\"https:\/\/www.gewerbe-boltigen.ch\/html\/tourismus\/aktivitaeten\/\" rel=\"tag\">Aktivit\u00e4ten<\/a>, <a href=\"https:\/\/www.gewerbe-boltigen.ch\/html\/detailhandel\/sport\/\" rel=\"tag\">Sport<\/a>, <a href=\"https:\/\/www.gewerbe-boltigen.ch\/html\/tourismus\/sportbahnen\/\" rel=\"tag\">Sportbahn<\/a><\/span><\/div>\n<\/p><\/div>\n<\/div>\n<div class=\"listing-actions cf\">\n<a class=\"wpbdp-button button view-listing\" style=\"padding: 5px 10px; font-size: 11px; text-decoration: underline; background-color: #e6e6e6; color: #7c7c7c; border: 1px solid #d2d2d2; border-radius: 3px; box-shadow: 0 1px 2px rgba(64,64,64,0.1); margin-right: 3px;\" href=\"http:\/\/www.gewerbe-boltigen.ch\/html\/branchenverzeichnis\/412\/sportbahnen-jaunpass-ag\" >Anschauen<\/a><\/div>\n<\/div>\n<\/div>\n<\/div>\n\t\t<\/div><\/div><\/div><\/div><\/div><div id=\"pg-217-32\"  class=\"panel-grid panel-has-style\" ><div class=\"panel-row-style panel-row-style-for-217-32\" ><div id=\"pgc-217-32-0\"  class=\"panel-grid-cell\" ><div id=\"panel-217-32-0-0\" class=\"so-panel widget widget_text panel-first-child panel-last-child\" data-index=\"32\" ><div class=\"panel-widget-style panel-widget-style-for-217-32-0-0\" >\t\t\t<div class=\"textwidget\"><div class=\"listings wpbdp-listings-list list\">\n<div id=\"wpbdp-listing-338\"\n     class=\"wpbdp-listing wpbdp-excerpt excerpt wpbdp-listing-excerpt wpbdp-listing-338 normal  odd\" data-breakpoints='{\"medium\": [560,780], \"large\": [780,999999]}' data-breakpoints-class-prefix=\"wpbdp-listing-excerpt\"><\/p>\n<div class=\"listing-title\">\n    <a href=\"http:\/\/www.gewerbe-boltigen.ch\/html\/branchenverzeichnis\/338\/taxi-samuel\/\" target=\"_self\" >Taxi Samuel<\/a><\/div>\n<div class=\"excerpt-content\">\n            <!--\n\n<div class=\"listing-thumbnail\"><a href=\"http:\/\/www.gewerbe-boltigen.ch\/html\/branchenverzeichnis\/412\/sportbahnen-jaunpass-ag\" target=\"_self\" class=\"\" ><img loading=\"lazy\" decoding=\"async\" width=\"150\" height=\"40\" src=\"http:\/\/www.gewerbe-boltigen.ch\/html\/wp-content\/uploads\/Logo_JP_Sportbahnen-1-150x40.jpg\" class=\"wpbdp-thumbnail attachment-wpbdp-thumb wpbdmthumbs wpbdp-excerpt-thumbnail\" alt=\"Sportbahnen Jaunpass AG\" title=\"Sportbahnen Jaunpass AG\" srcset=\"http:\/\/www.gewerbe-boltigen.ch\/html\/wp-content\/uploads\/Logo_JP_Sportbahnen-1-150x40.jpg 150w, http:\/\/www.gewerbe-boltigen.ch\/html\/wp-content\/uploads\/Logo_JP_Sportbahnen-1-300x80.jpg 300w, http:\/\/www.gewerbe-boltigen.ch\/html\/wp-content\/uploads\/Logo_JP_Sportbahnen-1.jpg 500w\" sizes=\"auto, (max-width: 150px) 100vw, 150px\" \/><\/a><\/div>\n\n-->    <\/p>\n<div class=\"listing-details\">\n<div class=\"wpbdp-field-display wpbdp-field wpbdp-field-value field-display field-value wpbdp-field-web wpbdp-field-meta wpbdp-field-type-url wpbdp-field-association-meta  \" ><label>Web:<\/label> <span class=\"value\"><a href=\"http:\/\/www.taxi-samuel.ch\" rel=\"\" target=\"_blank\" rel=\"noopener\" title=\"www.taxi-samuel.ch\">www.taxi-samuel.ch<\/a><\/span><\/div>\n<div class=\"wpbdp-field-display wpbdp-field wpbdp-field-value field-display field-value wpbdp-field-telefon wpbdp-field-meta wpbdp-field-type-textfield wpbdp-field-association-meta  \" ><label>Telefon:<\/label> <span class=\"value\">033 773 62 67<\/span><\/div>\n<div class=\"wpbdp-field-display wpbdp-field wpbdp-field-value field-display field-value wpbdp-field-branche wpbdp-field-category wpbdp-field-type-select wpbdp-field-association-category  \" ><label>Branche:<\/label> <span class=\"value\"><a href=\"https:\/\/www.gewerbe-boltigen.ch\/html\/tourismus\/aktivitaeten\/\" rel=\"tag\">Aktivit\u00e4ten<\/a>, <a href=\"https:\/\/www.gewerbe-boltigen.ch\/html\/dienstleistung\/transporttaxi\/\" rel=\"tag\">Transporte\/Taxi<\/a><\/span><\/div>\n<\/p><\/div>\n<\/div>\n<div class=\"listing-actions cf\">\n<a class=\"wpbdp-button button view-listing\" style=\"padding: 5px 10px; font-size: 11px; text-decoration: underline; background-color: #e6e6e6; color: #7c7c7c; border: 1px solid #d2d2d2; border-radius: 3px; box-shadow: 0 1px 2px rgba(64,64,64,0.1); margin-right: 3px;\" href=\"http:\/\/www.gewerbe-boltigen.ch\/html\/branchenverzeichnis\/338\/taxi-samuel\/\"  >Anschauen<\/a><\/div>\n<\/div>\n<\/div>\n<\/div>\n\t\t<\/div><\/div><\/div><\/div><\/div><div id=\"pg-217-33\"  class=\"panel-grid panel-has-style\" ><div class=\"panel-row-style panel-row-style-for-217-33\" ><div id=\"pgc-217-33-0\"  class=\"panel-grid-cell\" ><div id=\"panel-217-33-0-0\" class=\"so-panel widget widget_text panel-first-child panel-last-child\" data-index=\"33\" ><div class=\"panel-widget-style panel-widget-style-for-217-33-0-0\" >\t\t\t<div class=\"textwidget\"><div class=\"listings wpbdp-listings-list list\">\n<div id=\"wpbdp-listing-323\"\n     class=\"wpbdp-listing wpbdp-excerpt excerpt wpbdp-listing-excerpt wpbdp-listing-323 normal  even\" data-breakpoints='{\"medium\": [560,780], \"large\": [780,999999]}' data-breakpoints-class-prefix=\"wpbdp-listing-excerpt\"><\/p>\n<div class=\"listing-title\">\n    <a href=\"http:\/\/www.gewerbe-boltigen.ch\/html\/branchenverzeichnis\/323\/valiant-bank-ag\" target=\"_self\" >Valiant Bank AG<\/a><\/div>\n<div class=\"excerpt-content\">\n<div class=\"listing-thumbnail\"><a href=\"https:\/\/www.gewerbe-boltigen.ch\/html\/branchenverzeichnis\/323\/valiant-bank-ag\/\" target=\"_self\" class=\"\" title=\"\" ><img width=\"150\" height=\"62\" src=\"https:\/\/www.gewerbe-boltigen.ch\/html\/wp-content\/uploads\/2016\/11\/valiant-logo-150x62.jpg\" class=\"attachment-wpbdp-thumb wpbdmthumbs wpbdp-excerpt-thumbnail wpbdp-thumbnail\" alt=\"Valiant Bank AG\" title=\"Valiant Bank AG\" decoding=\"async\" loading=\"lazy\" srcset=\"https:\/\/www.gewerbe-boltigen.ch\/html\/wp-content\/uploads\/2016\/11\/valiant-logo-150x62.jpg 150w, https:\/\/www.gewerbe-boltigen.ch\/html\/wp-content\/uploads\/2016\/11\/valiant-logo.jpg 241w\" sizes=\"auto, (max-width: 150px) 100vw, 150px\" \/><\/a><\/div>\n<div class=\"listing-details\">\n<div class=\"wpbdp-field-display wpbdp-field wpbdp-field-value field-display field-value wpbdp-field-web wpbdp-field-meta wpbdp-field-type-url wpbdp-field-association-meta  \" ><label>Web:<\/label> <span class=\"value\"><a href=\"http:\/\/www.valiant.ch\" rel=\"\" target=\"_blank\" title=\"www.valiant.ch\">www.valiant.ch<\/a><\/span><\/div>\n<div class=\"wpbdp-field-display wpbdp-field wpbdp-field-value field-display field-value wpbdp-field-telefon wpbdp-field-meta wpbdp-field-type-textfield wpbdp-field-association-meta  \" ><label>Telefon:<\/label> <span class=\"value\">033 729 39 39<\/span><\/div>\n<div class=\"wpbdp-field-display wpbdp-field wpbdp-field-value field-display field-value wpbdp-field-branche wpbdp-field-category wpbdp-field-type-select wpbdp-field-association-category  \" ><label>Branche:<\/label> <span class=\"value\"><a href=\"https:\/\/www.gewerbe-boltigen.ch\/html\/dienstleistung\/versicherungbank\/\" rel=\"tag\">Versicherung\/Bank<\/a><\/span><\/div>\n<\/p><\/div>\n<\/div>\n<div class=\"listing-actions cf\">\n<a class=\"wpbdp-button button view-listing\" style=\"padding: 5px 10px; font-size: 11px; text-decoration: underline; background-color: #e6e6e6; color: #7c7c7c; border: 1px solid #d2d2d2; border-radius: 3px; box-shadow: 0 1px 2px rgba(64,64,64,0.1); margin-right: 3px;\" href=\"http:\/\/www.gewerbe-boltigen.ch\/html\/branchenverzeichnis\/323\/valiant-bank-ag\" >Anschauen<\/a><\/div>\n<\/div>\n<\/div>\n<\/div>\n\t\t<\/div><\/div><\/div><\/div><\/div><div id=\"pg-217-34\"  class=\"panel-grid panel-no-style\" ><div id=\"pgc-217-34-0\"  class=\"panel-grid-cell\" ><div id=\"panel-217-34-0-0\" class=\"so-panel widget widget_text panel-first-child panel-last-child\" data-index=\"34\" ><div class=\"panel-widget-style panel-widget-style-for-217-34-0-0\" >\t\t\t<div class=\"textwidget\"><div class=\"listings wpbdp-listings-list list\">\n<div id=\"wpbdp-listing-1812\" class=\"wpbdp-listing-1272 wpbdp-listing excerpt wpbdp-excerpt wpbdp-listing-excerpt wpbdp-listing-plan-id-2 wpbdp-listing-plan-kostenloser_eintrag wpbdp-listing-category-id-43 wpbdp-listing-category-id-23 odd\" data-breakpoints='{\"medium\": [560,780], \"large\": [780,999999]}' data-breakpoints-class-prefix=\"wpbdp-listing-excerpt\">\n<div class=\"listing-title\">\n    <a href=\"http:\/\/www.gewerbe-boltigen.ch\/html\/branchenverzeichnis\/1812\/volg-dorfladen\/\" target=\"_self\" >Volg Dorfladen<\/a><\/div>\n<div class=\"excerpt-content\">\n<div class=\"listing-thumbnail\"><a href=\"https:\/\/www.gewerbe-boltigen.ch\/html\/branchenverzeichnis\/1812\/volg-dorfladen\/\" target=\"_self\" class=\"\" title=\"\" ><img width=\"150\" height=\"84\" src=\"https:\/\/www.gewerbe-boltigen.ch\/html\/wp-content\/uploads\/volg_logo_4384dc28af-150x84.jpg\" class=\"attachment-wpbdp-thumb wpbdmthumbs wpbdp-excerpt-thumbnail wpbdp-thumbnail\" alt=\"Volg Dorfladen\" title=\"Volg Dorfladen\" decoding=\"async\" loading=\"lazy\" srcset=\"https:\/\/www.gewerbe-boltigen.ch\/html\/wp-content\/uploads\/volg_logo_4384dc28af-150x84.jpg 150w, https:\/\/www.gewerbe-boltigen.ch\/html\/wp-content\/uploads\/volg_logo_4384dc28af-300x169.jpg 300w, https:\/\/www.gewerbe-boltigen.ch\/html\/wp-content\/uploads\/volg_logo_4384dc28af-676x380.jpg 676w, https:\/\/www.gewerbe-boltigen.ch\/html\/wp-content\/uploads\/volg_logo_4384dc28af-500x281.jpg 500w, https:\/\/www.gewerbe-boltigen.ch\/html\/wp-content\/uploads\/volg_logo_4384dc28af.jpg 748w\" sizes=\"auto, (max-width: 150px) 100vw, 150px\" \/><\/a><\/div>\n<div class=\"listing-details\">\n<div class=\"wpbdp-field-display wpbdp-field wpbdp-field-value field-display field-value wpbdp-field-web wpbdp-field-meta wpbdp-field-type-url wpbdp-field-association-meta  \" ><label>Web:<\/label> <span class=\"value\"><a href=\"https:\/\/www.volg.ch\/standorte-oeffnungszeiten\/detail\/volg-boltigen\/\" rel=\" noopener\" target=\"_blank\" title=\"www.volg.ch\">www.volg.ch<\/a><\/span><\/div>\n<div class=\"wpbdp-field-display wpbdp-field wpbdp-field-value field-display field-value wpbdp-field-telefon wpbdp-field-meta wpbdp-field-type-textfield wpbdp-field-association-meta  \" ><label>Telefon:<\/label> <span class=\"value\">033 773 60 80<\/span><\/div>\n<div class=\"wpbdp-field-display wpbdp-field wpbdp-field-value field-display field-value wpbdp-field-branche wpbdp-field-category wpbdp-field-type-select wpbdp-field-association-category  \" ><label>Branche:<\/label> <span class=\"value\"><a href=\"https:\/\/www.gewerbe-boltigen.ch\/html\/detailhandel\/lebensmittel\/\" rel=\"tag\">Lebensmittel<\/a><\/span><\/div>\n<\/p><\/div>\n<\/div>\n<div class=\"listing-actions cf\">\n<a class=\"wpbdp-button button view-listing\" style=\"padding: 5px 10px; font-size: 11px; text-decoration: underline; background-color: #e6e6e6; color: #7c7c7c; border: 1px solid #d2d2d2; border-radius: 3px; box-shadow: 0 1px 2px rgba(64,64,64,0.1); margin-right: 3px;\" href=\"http:\/\/www.gewerbe-boltigen.ch\/html\/branchenverzeichnis\/1812\/volg-dorfladen\/\" >Anschauen<\/a><\/div>\n<\/div>\n<\/div>\n<\/div>\n\t\t<\/div><\/div><\/div><\/div><div id=\"pg-217-35\"  class=\"panel-grid panel-has-style\" ><div class=\"panel-row-style panel-row-style-for-217-35\" ><div id=\"pgc-217-35-0\"  class=\"panel-grid-cell\" ><div id=\"panel-217-35-0-0\" class=\"so-panel widget widget_text panel-first-child panel-last-child\" data-index=\"35\" ><div class=\"panel-widget-style panel-widget-style-for-217-35-0-0\" >\t\t\t<div class=\"textwidget\"><div class=\"listings wpbdp-listings-list list\">\n<div id=\"wpbdp-listing-341\"\n     class=\"wpbdp-listing wpbdp-excerpt excerpt wpbdp-listing-excerpt wpbdp-listing-341 normal  even\" data-breakpoints='{\"medium\": [560,780], \"large\": [780,999999]}' data-breakpoints-class-prefix=\"wpbdp-listing-excerpt\"><\/p>\n<div class=\"listing-title\">\n    <a href=\"http:\/\/www.gewerbe-boltigen.ch\/html\/branchenverzeichnis\/341\/zuerich-versicherungs-gesellschaft-ag\" target=\"_self\" >Z\u00fcrich Versicherungs-Gesellschaft AG<\/a><\/div>\n<div class=\"excerpt-content\">\n<div class=\"listing-thumbnail\"><a href=\"https:\/\/www.gewerbe-boltigen.ch\/html\/branchenverzeichnis\/341\/zuerich-versicherungs-gesellschaft-ag\/\" target=\"_self\" class=\"\" title=\"\" ><img width=\"150\" height=\"113\" src=\"https:\/\/www.gewerbe-boltigen.ch\/html\/wp-content\/uploads\/2016\/11\/Zurich-Versicherungen-Logo-150x113.jpg\" class=\"attachment-wpbdp-thumb wpbdmthumbs wpbdp-excerpt-thumbnail wpbdp-thumbnail\" alt=\"Z\u00fcrich Versicherungs-Gesellschaft AG\" title=\"Z\u00fcrich Versicherungs-Gesellschaft AG\" decoding=\"async\" loading=\"lazy\" srcset=\"https:\/\/www.gewerbe-boltigen.ch\/html\/wp-content\/uploads\/2016\/11\/Zurich-Versicherungen-Logo-150x113.jpg 150w, https:\/\/www.gewerbe-boltigen.ch\/html\/wp-content\/uploads\/2016\/11\/Zurich-Versicherungen-Logo-300x225.jpg 300w, https:\/\/www.gewerbe-boltigen.ch\/html\/wp-content\/uploads\/2016\/11\/Zurich-Versicherungen-Logo-768x576.jpg 768w, https:\/\/www.gewerbe-boltigen.ch\/html\/wp-content\/uploads\/2016\/11\/Zurich-Versicherungen-Logo-1024x768.jpg 1024w, https:\/\/www.gewerbe-boltigen.ch\/html\/wp-content\/uploads\/2016\/11\/Zurich-Versicherungen-Logo-676x507.jpg 676w, https:\/\/www.gewerbe-boltigen.ch\/html\/wp-content\/uploads\/2016\/11\/Zurich-Versicherungen-Logo-500x375.jpg 500w, https:\/\/www.gewerbe-boltigen.ch\/html\/wp-content\/uploads\/2016\/11\/Zurich-Versicherungen-Logo.jpg 1200w\" sizes=\"auto, (max-width: 150px) 100vw, 150px\" \/><\/a><\/div>\n<div class=\"listing-details\">\n<div class=\"wpbdp-field-display wpbdp-field wpbdp-field-value field-display field-value wpbdp-field-telefon wpbdp-field-meta wpbdp-field-type-textfield wpbdp-field-association-meta  \" ><label>Telefon:<\/label> <span class=\"value\">033 729 70 70<\/span><\/div>\n<div class=\"wpbdp-field-display wpbdp-field wpbdp-field-value field-display field-value wpbdp-field-branche wpbdp-field-category wpbdp-field-type-select wpbdp-field-association-category  \" ><label>Branche:<\/label> <span class=\"value\"><a href=\"https:\/\/www.gewerbe-boltigen.ch\/html\/dienstleistung\/versicherungbank\/\" rel=\"tag\">Versicherung\/Bank<\/a><\/span><\/div>\n<\/p><\/div>\n<\/div>\n<div class=\"listing-actions cf\">\n<a class=\"wpbdp-button button view-listing\" style=\"padding: 5px 10px; font-size: 11px; text-decoration: underline; background-color: #e6e6e6; color: #7c7c7c; border: 1px solid #d2d2d2; border-radius: 3px; box-shadow: 0 1px 2px rgba(64,64,64,0.1); margin-right: 3px;\" href=\"http:\/\/www.gewerbe-boltigen.ch\/html\/branchenverzeichnis\/341\/zuerich-versicherungs-gesellschaft-ag\" >Anschauen<\/a><\/div>\n<\/div>\n<\/div>\n<\/div>\n\t\t<\/div><\/div><\/div><\/div><\/div><\/div>","protected":false},"excerpt":{"rendered":"<p>Adrian Gr\u00fcnenwald AG Web: www.adrian-gruenenwald.ch Telefon: 033 773 61 59Branche: Accessoires, B\u00f6den, Textil\/Papeterie Anschauen Aegerter K\u00fcchen AG Web: www.aegerter-kuechen.chTelefon: 033 773 65 25Branche: B\u00f6den, Fenster\/T\u00fcren, K\u00fcche, M\u00f6bel, Schreinerei Anschauen<\/p>\n","protected":false},"author":1,"featured_media":0,"parent":13,"menu_order":2,"comment_status":"closed","ping_status":"closed","template":"","meta":{"footnotes":""},"class_list":["post-217","page","type-page","status-publish","hentry","post-preview"],"_links":{"self":[{"href":"http:\/\/www.gewerbe-boltigen.ch\/html\/wp-json\/wp\/v2\/pages\/217","targetHints":{"allow":["GET"]}}],"collection":[{"href":"http:\/\/www.gewerbe-boltigen.ch\/html\/wp-json\/wp\/v2\/pages"}],"about":[{"href":"http:\/\/www.gewerbe-boltigen.ch\/html\/wp-json\/wp\/v2\/types\/page"}],"author":[{"embeddable":true,"href":"http:\/\/www.gewerbe-boltigen.ch\/html\/wp-json\/wp\/v2\/users\/1"}],"replies":[{"embeddable":true,"href":"http:\/\/www.gewerbe-boltigen.ch\/html\/wp-json\/wp\/v2\/comments?post=217"}],"version-history":[{"count":156,"href":"http:\/\/www.gewerbe-boltigen.ch\/html\/wp-json\/wp\/v2\/pages\/217\/revisions"}],"predecessor-version":[{"id":1828,"href":"http:\/\/www.gewerbe-boltigen.ch\/html\/wp-json\/wp\/v2\/pages\/217\/revisions\/1828"}],"up":[{"embeddable":true,"href":"http:\/\/www.gewerbe-boltigen.ch\/html\/wp-json\/wp\/v2\/pages\/13"}],"wp:attachment":[{"href":"http:\/\/www.gewerbe-boltigen.ch\/html\/wp-json\/wp\/v2\/media?parent=217"}],"curies":[{"name":"wp","href":"https:\/\/api.w.org\/{rel}","templated":true}]}}