{"id":100,"date":"2016-11-11T16:46:40","date_gmt":"2016-11-11T16:46:40","guid":{"rendered":"http:\/\/www.gewerbe-boltigen.ch\/html\/?page_id=100"},"modified":"2024-03-20T10:14:04","modified_gmt":"2024-03-20T10:14:04","slug":"kueche","status":"publish","type":"page","link":"http:\/\/www.gewerbe-boltigen.ch\/html\/bau\/innenausbau\/kueche\/","title":{"rendered":"K\u00fcchen"},"content":{"rendered":"<div id=\"pl-100\"  class=\"panel-layout\" ><div id=\"pg-100-0\"  class=\"panel-grid panel-no-style\" ><div id=\"pgc-100-0-0\"  class=\"panel-grid-cell\" ><div id=\"panel-100-0-0-0\" class=\"so-panel widget widget_text panel-first-child panel-last-child\" data-index=\"0\" >\t\t\t<div class=\"textwidget\"><div class=\"listings wpbdp-listings-list list\">\n<div id=\"wpbdp-listing-314\"\n     class=\"wpbdp-listing wpbdp-excerpt excerpt wpbdp-listing-excerpt wpbdp-listing-314 normal  even\" data-breakpoints='{\"medium\": [560,780], \"large\": [780,999999]}' data-breakpoints-class-prefix=\"wpbdp-listing-excerpt\"><\/p>\n<div class=\"listing-title\">\n    <a href=\"http:\/\/www.gewerbe-boltigen.ch\/html\/branchenverzeichnis\/314\/aegerter-kuechen-ag\" target=\"_self\" >Aegerter K\u00fcchen AG<\/a><\/div>\n<div class=\"excerpt-content\">\n<div class=\"listing-thumbnail\"><a href=\"https:\/\/www.gewerbe-boltigen.ch\/html\/branchenverzeichnis\/314\/aegerter-kuechen-ag\/\" target=\"_self\" class=\"\" title=\"\" ><img width=\"150\" height=\"76\" src=\"https:\/\/www.gewerbe-boltigen.ch\/html\/wp-content\/uploads\/Aegerter_Kuechen_Logo-150x76.jpg\" class=\"attachment-wpbdp-thumb wpbdmthumbs wpbdp-excerpt-thumbnail wpbdp-thumbnail\" alt=\"Aegerter K\u00fcchen AG\" title=\"Aegerter K\u00fcchen AG\" decoding=\"async\" loading=\"lazy\" srcset=\"https:\/\/www.gewerbe-boltigen.ch\/html\/wp-content\/uploads\/Aegerter_Kuechen_Logo-150x76.jpg 150w, https:\/\/www.gewerbe-boltigen.ch\/html\/wp-content\/uploads\/Aegerter_Kuechen_Logo-300x153.jpg 300w, https:\/\/www.gewerbe-boltigen.ch\/html\/wp-content\/uploads\/Aegerter_Kuechen_Logo.jpg 350w\" sizes=\"auto, (max-width: 150px) 100vw, 150px\" \/><\/a><\/div>\n<div class=\"listing-details\">\n<div class=\"wpbdp-field-display wpbdp-field wpbdp-field-value field-display field-value wpbdp-field-web wpbdp-field-meta wpbdp-field-type-url wpbdp-field-association-meta  \" ><label>Web:<\/label> <span class=\"value\"><a href=\"http:\/\/www.aegerter-kuechen.ch\" rel=\"\" target=\"_blank\" title=\"www.aegerter-kuechen.ch\">www.aegerter-kuechen.ch<\/a><\/span><\/div>\n<div class=\"wpbdp-field-display wpbdp-field wpbdp-field-value field-display field-value wpbdp-field-telefon wpbdp-field-meta wpbdp-field-type-textfield wpbdp-field-association-meta  \" ><label>Telefon:<\/label> <span class=\"value\">033 773 65 25<\/span><\/div>\n<div class=\"wpbdp-field-display wpbdp-field wpbdp-field-value field-display field-value wpbdp-field-branche wpbdp-field-category wpbdp-field-type-select wpbdp-field-association-category  \" ><label>Branche:<\/label> <span class=\"value\"><a href=\"https:\/\/www.gewerbe-boltigen.ch\/html\/bau\/innenausbau\/boeden\/\" rel=\"tag\">B\u00f6den<\/a>, <a href=\"https:\/\/www.gewerbe-boltigen.ch\/html\/bau\/rohbau\/fenstertueren\/\" rel=\"tag\">Fenster\/T\u00fcren<\/a>, <a href=\"https:\/\/www.gewerbe-boltigen.ch\/html\/bau\/innenausbau\/kueche\/\" rel=\"tag\">K\u00fcche<\/a>, <a href=\"https:\/\/www.gewerbe-boltigen.ch\/html\/bau\/innenausbau\/moebel\/\" rel=\"tag\">M\u00f6bel<\/a>, <a href=\"https:\/\/www.gewerbe-boltigen.ch\/html\/bau\/innenausbau\/schreinerei\/\" rel=\"tag\">Schreinerei<\/a><\/span><\/div>\n<\/p><\/div>\n<\/div>\n<div class=\"listing-actions cf\">\n<a class=\"wpbdp-button button view-listing\" style=\"padding: 5px 10px; font-size: 11px; text-decoration: underline; background-color: #e6e6e6; color: #7c7c7c; border: 1px solid #d2d2d2; border-radius: 3px; box-shadow: 0 1px 2px rgba(64,64,64,0.1); margin-right: 3px;\" href=\"http:\/\/www.gewerbe-boltigen.ch\/html\/branchenverzeichnis\/314\/aegerter-kuechen-ag\" >Anschauen<\/a><\/div>\n<\/div>\n<\/div>\n<\/div>\n\t\t<\/div><\/div><\/div><\/div>","protected":false},"excerpt":{"rendered":"<p>Aegerter K\u00fcchen AG Web: www.aegerter-kuechen.chTelefon: 033 773 65 25Branche: B\u00f6den, Fenster\/T\u00fcren, K\u00fcche, M\u00f6bel, Schreinerei Anschauen<\/p>\n","protected":false},"author":1,"featured_media":0,"parent":66,"menu_order":1,"comment_status":"closed","ping_status":"closed","template":"","meta":{"footnotes":""},"class_list":["post-100","page","type-page","status-publish","hentry","post-preview"],"_links":{"self":[{"href":"http:\/\/www.gewerbe-boltigen.ch\/html\/wp-json\/wp\/v2\/pages\/100","targetHints":{"allow":["GET"]}}],"collection":[{"href":"http:\/\/www.gewerbe-boltigen.ch\/html\/wp-json\/wp\/v2\/pages"}],"about":[{"href":"http:\/\/www.gewerbe-boltigen.ch\/html\/wp-json\/wp\/v2\/types\/page"}],"author":[{"embeddable":true,"href":"http:\/\/www.gewerbe-boltigen.ch\/html\/wp-json\/wp\/v2\/users\/1"}],"replies":[{"embeddable":true,"href":"http:\/\/www.gewerbe-boltigen.ch\/html\/wp-json\/wp\/v2\/comments?post=100"}],"version-history":[{"count":5,"href":"http:\/\/www.gewerbe-boltigen.ch\/html\/wp-json\/wp\/v2\/pages\/100\/revisions"}],"predecessor-version":[{"id":1722,"href":"http:\/\/www.gewerbe-boltigen.ch\/html\/wp-json\/wp\/v2\/pages\/100\/revisions\/1722"}],"up":[{"embeddable":true,"href":"http:\/\/www.gewerbe-boltigen.ch\/html\/wp-json\/wp\/v2\/pages\/66"}],"wp:attachment":[{"href":"http:\/\/www.gewerbe-boltigen.ch\/html\/wp-json\/wp\/v2\/media?parent=100"}],"curies":[{"name":"wp","href":"https:\/\/api.w.org\/{rel}","templated":true}]}}